{"id":1553,"date":"2026-04-08T10:04:10","date_gmt":"2026-04-08T08:04:10","guid":{"rendered":"https:\/\/www.sequiq.de\/?post_type=release&#038;p=1553"},"modified":"2026-04-13T15:30:58","modified_gmt":"2026-04-13T13:30:58","slug":"release-2026-4","status":"publish","type":"release","link":"https:\/\/www.sequiq.de\/fr\/releases\/release-2026-4\/","title":{"rendered":"Version 2026.4"},"content":{"rendered":"\n<div class=\"wp-block-group alignfull has-global-padding is-layout-constrained wp-block-group-is-layout-constrained\">\n<div class=\"wp-block-columns alignwide are-vertically-aligned-top is-layout-flex wp-container-core-columns-is-layout-28f84493 wp-block-columns-is-layout-flex\">\n<div class=\"wp-block-column is-vertically-aligned-top is-layout-flow wp-block-column-is-layout-flow\">\n<div class=\"wp-block-group alignwide has-global-padding is-layout-constrained wp-container-core-group-is-layout-c3d0faaf wp-block-group-is-layout-constrained\" style=\"padding-top:0;padding-right:0;padding-bottom:0;padding-left:0\">\n<p class=\"alignwide has-text-align-wide has-orange-color has-text-color has-link-color has-h-5-font-size wp-elements-53d1860d9b32183ade44c1495981f104\">\u2190 <a href=\"https:\/\/www.sequiq.de\/fr\/communiques\/\">Releases<\/a><\/p>\n\n\n<h1 class=\"alignwide wp-block-post-title\">Version 2026.4<\/h1><\/div>\n\n\n\n<p><strong>Le printemps apporte un nouvel \u00e9lan, y compris dans SEQUIQ<\/strong>!<br\/>Avec la <strong>version 2026.4 <\/strong>, des nouveaut\u00e9s passionnantes vous attendent, \u00e0 commencer <strong>par une nouvelle fonction d&rsquo;analyse<\/strong> qui assure <strong>encore plus de transparence dans la planification des commandes <\/strong>. De plus, <strong>un aper\u00e7u concis<\/strong> des principales nouveaut\u00e9s vous accueillera d\u00e9sormais <strong>\u00e0 chaque nouvelle version<\/strong>, d\u00e8s le lancement de SEQUIQ. Pour ceux qui souhaitent aller plus loin, le bouton \u00ab\u00a0Plus d&rsquo;infos\u00a0\u00bb de cette nouvelle bo\u00eete de dialogue vous m\u00e8nera directement \u00e0 notre blog de release avec tous les d\u00e9tails.  <\/p>\n<\/div>\n\n\n\n<div class=\"wp-block-column is-vertically-aligned-top is-layout-flow wp-block-column-is-layout-flow\">\n<div class=\"wp-block-group has-lightgrey-background-color has-background has-global-padding is-layout-constrained wp-container-core-group-is-layout-7c7fb8f8 wp-block-group-is-layout-constrained\" style=\"padding-top:var(--wp--preset--spacing--50);padding-right:var(--wp--preset--spacing--50);padding-bottom:var(--wp--preset--spacing--50);padding-left:var(--wp--preset--spacing--50)\">\n<p><strong>R\u00e9jouissez-vous des points forts suivants :<\/strong><\/p>\n\n\n\n<ul class=\"wp-block-list\">\n<li>Analyser les \u00e9tapes de planification de mani\u00e8re transparente avec l&rsquo;analyse de programme SEQUIQ<\/li>\n\n\n\n<li>Gestion plus flexible des r\u00e8gles de classement<\/li>\n\n\n\n<li>Regroupement des commandes par mois<\/li>\n<\/ul>\n\n\n\n<p>Les clients b\u00e9n\u00e9ficiant du support \u00e0 long terme (LTS) recevront les nouveaut\u00e9s avec la prochaine version LTS en septembre 2026.<\/p>\n<\/div>\n<\/div>\n<\/div>\n<\/div>\n\n<div class=\"wp-block-group alignfull has-lightgrey-background-color has-background has-global-padding is-layout-constrained wp-container-core-group-is-layout-c5bbea69 wp-block-group-is-layout-constrained\">\n<div class=\"wp-block-group alignwide has-white-background-color has-background has-global-padding is-layout-constrained wp-container-core-group-is-layout-ae744a23 wp-block-group-is-layout-constrained\" style=\"border-radius:1.5rem;padding-top:var(--wp--preset--spacing--70);padding-right:var(--wp--preset--spacing--70);padding-bottom:var(--wp--preset--spacing--70);padding-left:var(--wp--preset--spacing--70)\">\n<div class=\"wp-block-columns alignwide is-layout-flex wp-container-core-columns-is-layout-28f84493 wp-block-columns-is-layout-flex\">\n<div class=\"wp-block-column is-layout-flow wp-block-column-is-layout-flow\" style=\"flex-basis:33.3%\">\n<figure class=\"wp-block-embed is-type-video is-provider-youtube wp-block-embed-youtube wp-embed-aspect-16-9 wp-has-aspect-ratio\"><div class=\"wp-block-embed__wrapper\">\n <div class=\"brlbs-cmpnt-container brlbs-cmpnt-content-blocker\" data-borlabs-cookie-content-blocker-id=\"youtube-content-blocker\" data-borlabs-cookie-content=\"PGlmcmFtZSB0aXRsZT0iUHJvZ3JhbSBBbmFseXNpczogVHJhbnNwYXJlbnQgQW5hbHlzaXMgb2YgUGxhbm5pbmcgU3RhZ2VzIC0gU0VRVUlRIE9yZGVyIFNlcXVlbmNpbmciIHdpZHRoPSI1MDAiIGhlaWdodD0iMjgxIiBzcmM9Imh0dHBzOi8vd3d3LnlvdXR1YmUtbm9jb29raWUuY29tL2VtYmVkL2E2VlBKT1RiMTZvP2ZlYXR1cmU9b2VtYmVkIiBmcmFtZWJvcmRlcj0iMCIgYWxsb3c9ImFjY2VsZXJvbWV0ZXI7IGF1dG9wbGF5OyBjbGlwYm9hcmQtd3JpdGU7IGVuY3J5cHRlZC1tZWRpYTsgZ3lyb3Njb3BlOyBwaWN0dXJlLWluLXBpY3R1cmU7IHdlYi1zaGFyZSIgcmVmZXJyZXJwb2xpY3k9InN0cmljdC1vcmlnaW4td2hlbi1jcm9zcy1vcmlnaW4iIGFsbG93ZnVsbHNjcmVlbj48L2lmcmFtZT4=\"><div class=\"brlbs-cmpnt-cb-preset-c brlbs-cmpnt-cb-youtube\"> <div class=\"brlbs-cmpnt-cb-thumbnail\" style=\"background-image: url('https:\/\/www.sequiq.de\/wp-content\/uploads\/borlabs-cookie\/2\/yt_a6VPJOTb16o_hqdefault.jpg')\"><\/div> <div class=\"brlbs-cmpnt-cb-main\"> <div class=\"brlbs-cmpnt-cb-play-button\"><\/div> <div class=\"brlbs-cmpnt-cb-content\"> <p class=\"brlbs-cmpnt-cb-description\">Vous \u00eates actuellement en train de consulter le contenu d&rsquo;un espace r\u00e9serv\u00e9 de <strong>YouTube<\/strong>. Pour acc\u00e9der au contenu r\u00e9el, cliquez sur le bouton ci-dessous. Veuillez noter que ce faisant, des donn\u00e9es seront partag\u00e9es avec des providers tiers.<\/p> <a class=\"brlbs-cmpnt-cb-provider-toggle\" href=\"#\" data-borlabs-cookie-show-provider-information role=\"button\">Plus d&rsquo;informations<\/a> <\/div> <div class=\"brlbs-cmpnt-cb-buttons\"> <a class=\"brlbs-cmpnt-cb-btn\" href=\"#\" data-borlabs-cookie-unblock role=\"button\">D\u00e9bloquer le contenu<\/a> <a class=\"brlbs-cmpnt-cb-btn\" href=\"#\" data-borlabs-cookie-accept-service role=\"button\" style=\"display: inherit\">Accepter le service requis et d\u00e9bloquer les contenus<\/a> <\/div> <\/div> <\/div><\/div>\n<\/div><\/figure>\n<\/div>\n\n\n\n<div class=\"wp-block-column is-layout-flow wp-block-column-is-layout-flow\" style=\"flex-basis:66.66%\">\n<div class=\"wp-block-group has-global-padding is-layout-constrained wp-container-core-group-is-layout-c3d0faaf wp-block-group-is-layout-constrained\" style=\"padding-top:0;padding-right:0;padding-bottom:0;padding-left:0\">\n<h3 class=\"wp-block-heading has-orange-color has-text-color has-link-color has-h-5-font-size wp-elements-36a21e5aa1ddd51fe358da06ca8b8165\" style=\"font-style:normal;font-weight:300\">Analyser \/ S\u00e9quence d&rsquo;ordres<\/h3>\n\n\n\n<p class=\"has-h-3-font-size\">Analyser les \u00e9tapes de planification de mani\u00e8re transparente avec l&rsquo;analyse de programme SEQUIQ<\/p>\n<\/div>\n\n\n\n<p>L&rsquo;<strong>analyse de programme SEQUIQ <\/strong>vous permet de garder <strong>un \u0153il sur<\/strong> votre <strong>planification \u00e0 tout moment<\/strong>, qu&rsquo;il s&rsquo;agisse d&rsquo;une <strong>planification rapide<\/strong> quelques jours avant le d\u00e9but de la production ou d&rsquo;une<strong> planification pr\u00e9visionnelle sur plusieurs semaines ou mois<\/strong>.<br\/>Aujourd&rsquo;hui, l&rsquo;analyse de programme prend d\u00e9j\u00e0 en charge, entre autres, les \u00e9l\u00e9ments suivants<\/p>\n\n\n\n<ul class=\"wp-block-list\">\n<li>l&rsquo;analyse quantitative des commandes par caract\u00e9ristiques ou par types de commandes<\/li>\n\n\n\n<li>l&rsquo;\u00e9valuation rapide du respect des d\u00e9lais et des r\u00e8gles dans la s\u00e9quence de commandes en cours<\/li>\n<\/ul>\n\n\n\n<p>La version actuelle ajoute une perspective centrale \u00e0 l&rsquo;analyse du programme : <strong>l&rsquo;analyse du niveau de planification de vos commandes<\/strong>.<br\/>Les niveaux de planification d\u00e9crivent diff\u00e9rents types de dates de commande. Un exemple typique : <strong><em>les dates th\u00e9oriques<\/em><\/strong> (par exemple, les dates cibles fix\u00e9es par le service commercial), les <strong><em>dates planifi\u00e9es<\/em><\/strong> (par exemple, les dates calcul\u00e9es \u00e0 partir de la planification ou de la pr\u00e9-planification) et <strong><em>les dates r\u00e9elles<\/em> <\/strong>(par exemple, le lancement effectif de la production). <\/p>\n\n\n\n<p><strong>Deux options d&rsquo;\u00e9valuation pour les niveaux de planification<\/strong>:<\/p>\n\n\n\n<ul class=\"wp-block-list\">\n<li><strong>Niveau de planification (individuel) :<\/strong> Analysez combien de commandes par unit\u00e9 de temps ont une date \u00e0 un certain niveau de planification, ind\u00e9pendamment du fait que des niveaux de planification sup\u00e9rieurs ont d\u00e9j\u00e0 \u00e9t\u00e9 atteints.<br\/><em><strong>Exemple<\/strong>: v\u00e9rifiez si les dates cibles sont enti\u00e8rement g\u00e9r\u00e9es, m\u00eame si des dates planifi\u00e9es ont d\u00e9j\u00e0 \u00e9t\u00e9 calcul\u00e9es.<\/em><\/li>\n\n\n\n<li><strong>Niveau de planification (le plus \u00e9lev\u00e9) :<\/strong> Le niveau de planification le plus \u00e9lev\u00e9 atteint par chaque ordre est analys\u00e9. Vous voyez ainsi combien de commandes par unit\u00e9 de temps ont chacune leur date la plus \u00e9lev\u00e9e et \u00e0 quel niveau de planification. Cela vous permet de voir d&rsquo;un coup d&rsquo;\u0153il l&rsquo;avancement du chargement.  <br\/><em><strong>Exemple<\/strong>: vous voyez imm\u00e9diatement jusqu&rsquo;\u00e0 quand les ordres ont des dates r\u00e9elles ou planifi\u00e9es et \u00e0 partir de quand il n&rsquo;y a plus que des dates th\u00e9oriques<\/em>.<\/li>\n<\/ul>\n\n\n\n<p><strong>Pr\u00e9sentation et agr\u00e9gation flexibles<\/strong><br\/><br\/>Dans les deux options d&rsquo;\u00e9valuation, vous choisissez librement le <strong>niveau d&rsquo;agr\u00e9gation<\/strong>: <strong>\u00e9quipe, jour, semaine<\/strong> ou <strong>mois<\/strong>.<br\/>De plus, les niveaux de planification peuvent \u00eatre affich\u00e9s au choix sous forme de <strong>barres s\u00e9par\u00e9es ou de piles<\/strong>. Les barres s\u00e9par\u00e9es conviennent \u00e0 la comparaison directe entre les niveaux de planification. L&rsquo;affichage en pile montre en outre la quantit\u00e9 totale par unit\u00e9 de temps &#8211; id\u00e9al pour visualiser d&rsquo;un coup d&rsquo;\u0153il la r\u00e9partition et le nombre total de commandes (par exemple par jour).<br\/>Comme d&rsquo;habitude, vous trouverez l&rsquo;<strong>\u00e9valuation num\u00e9rique<\/strong> sous forme de tableau en dessous du graphique. Une <strong>exportation Excel<\/strong> est \u00e9galement disponible.   <\/p>\n\n\n\n<p><strong>Saut direct \u00e0 l&rsquo;analyse d\u00e9taill\u00e9e<\/strong><\/p>\n\n\n\n<p>A partir de l&rsquo;analyse du programme, vous pouvez maintenant <strong>passer directement \u00e0 l&rsquo;\u00e9quipe, au jour ou \u00e0 la semaine souhait\u00e9s<\/strong>.  <em>Exemple : Dans l&rsquo;aper\u00e7u, vous remarquez qu&rsquo;un jour, il y a un nombre inhabituel de commandes d&rsquo;un type donn\u00e9. En un clic, vous passez directement \u00e0 la vue principale de ce jour et y effectuez votre analyse d\u00e9taill\u00e9e. <\/em><\/p>\n\n\n\n<p><strong>Disponible pour qui ?<\/strong><br\/><br\/>L&rsquo;analyse de programme est disponible pour tous les utilisateurs du module de gestion de la demande.<\/p>\n\n\n\n<p>Vous souhaitez d\u00e9couvrir les nouvelles possibilit\u00e9s ou v\u00e9rifier si le module est adapt\u00e9 \u00e0 vos besoins ? N&rsquo;h\u00e9sitez pas \u00e0 nous contacter &#8211; <strong>nous vous conseillerons \u00e0 tout moment !<\/strong> <\/p>\n\n\n\n<p><br\/><\/p>\n<\/div>\n<\/div>\n<\/div>\n\n\n\n<div class=\"wp-block-group alignwide has-white-background-color has-background has-global-padding is-layout-constrained wp-container-core-group-is-layout-ae744a23 wp-block-group-is-layout-constrained\" style=\"border-radius:1.5rem;padding-top:var(--wp--preset--spacing--70);padding-right:var(--wp--preset--spacing--70);padding-bottom:var(--wp--preset--spacing--70);padding-left:var(--wp--preset--spacing--70)\">\n<div class=\"wp-block-columns alignwide is-layout-flex wp-container-core-columns-is-layout-28f84493 wp-block-columns-is-layout-flex\">\n<div class=\"wp-block-column is-style-rounded is-layout-flow wp-block-column-is-layout-flow\" style=\"flex-basis:33.3%\">\n<figure class=\"wp-block-image aligncenter size-large is-style-rounded is-style-rounded--1\"><img loading=\"lazy\" decoding=\"async\" width=\"1800\" height=\"1013\" src=\"https:\/\/www.sequiq.de\/wp-content\/uploads\/sites\/2\/Weitere-Verbesserungen-1800x1013.gif\" alt=\"\" class=\"wp-image-1383\" srcset=\"https:\/\/www.sequiq.de\/wp-content\/uploads\/sites\/2\/Weitere-Verbesserungen-1800x1013.gif 1800w, https:\/\/www.sequiq.de\/wp-content\/uploads\/sites\/2\/Weitere-Verbesserungen-900x506.gif 900w, https:\/\/www.sequiq.de\/wp-content\/uploads\/sites\/2\/Weitere-Verbesserungen-768x432.gif 768w, https:\/\/www.sequiq.de\/wp-content\/uploads\/sites\/2\/Weitere-Verbesserungen-1536x864.gif 1536w\" sizes=\"auto, (max-width: 1800px) 100vw, 1800px\" \/><\/figure>\n<\/div>\n\n\n\n<div class=\"wp-block-column is-layout-flow wp-block-column-is-layout-flow\" style=\"flex-basis:66.66%\">\n<div class=\"wp-block-group has-global-padding is-layout-constrained wp-container-core-group-is-layout-c3d0faaf wp-block-group-is-layout-constrained\" style=\"padding-top:0;padding-right:0;padding-bottom:0;padding-left:0\">\n<h3 class=\"wp-block-heading has-orange-color has-text-color has-link-color has-h-5-font-size wp-elements-36a21e5aa1ddd51fe358da06ca8b8165\" style=\"font-style:normal;font-weight:300\"><\/h3>\n\n\n\n<p class=\"has-h-3-font-size\">Autres am\u00e9liorations<\/p>\n<\/div>\n\n\n\n<ul class=\"wp-block-list\">\n<li><strong>Gestion plus flexible des r\u00e8gles d&rsquo;ordre<\/strong>: Vous pouvez d\u00e9sormais modifier le jeu de r\u00e8gles auquel la r\u00e8gle est associ\u00e9e, m\u00eame si vous avez d\u00e9j\u00e0 cr\u00e9\u00e9 des r\u00e8gles d&rsquo;ordre. Cela rend le travail avec les ensembles de r\u00e8gles beaucoup plus flexible et confortable. <br\/>(Documentation \/ R\u00e8gles de s\u00e9quence)<\/li>\n\n\n\n<li><strong>Regroupement des commandes par mois : <\/strong>en plus des niveaux d&rsquo;agr\u00e9gation existants (\u00e9quipe, jour et semaine), les commandes peuvent d\u00e9sormais \u00eatre regroup\u00e9es par mois. Les commandes d&rsquo;un mois donn\u00e9 sont regroup\u00e9es sous un en-t\u00eate commun qui peut \u00eatre d\u00e9pli\u00e9 et repli\u00e9. Cela facilite la vue d&rsquo;ensemble, en particulier pour la planification \u00e0 long terme et les gros volumes de commandes. Le niveau mensuel peut \u00eatre activ\u00e9 dans les options d&rsquo;affichage.   <br\/>(D\u00e9marrage \/ Op\u00e9rations et navigation (s\u00e9quen\u00e7age))<\/li>\n<\/ul>\n<\/div>\n<\/div>\n<\/div>\n<\/div>\n\n<div class=\"wp-block-group alignfull has-lightgrey-background-color has-background has-global-padding is-layout-constrained wp-block-group-is-layout-constrained\">\n<h2 class=\"wp-block-heading has-text-align-center\">Aper\u00e7u de tous les <mark style=\"background-color:rgba(0, 0, 0, 0)\" class=\"has-inline-color has-orange-color\">modules SEQUIQ<\/mark> <\/h2>\n\n\n\n<p class=\"has-text-align-center\">D\u00e9veloppez SEQUIQ de mani\u00e8re flexible avec nos modules. Personnalisez la solution pour l&rsquo;adapter \u00e0 votre production et d\u00e9veloppez un maximum d&rsquo;avantages pour vos besoins sp\u00e9cifiques. <\/p>\n\n\n\n<div  class=\"wp-block-teasergroup alignwide \">\t\n\t<div class=\"row g-3 row-cols-1 row-cols-sm-2 row-cols-lg-3 justify-content-center\">\n\t\n\t\t\n\t\t\t\t\t\t<div class=\"col\">\n\t\t\t\t\n\n\t\t\t\t\n\t\t\t\t\t<div class=\"card card-teaser rounded h-100\">\n\t\t\t\t\t\t<div class=\"card-body p-3 p-lg-4\">\n\t\t\t\t\t\t\t<div class=\"card-icon-wrapper\"><img loading=\"lazy\" decoding=\"async\" src=\"https:\/\/www.sequiq.de\/wp-content\/uploads\/sites\/2\/icon-module-utilization-levelling.svg\" alt=\"Lissage de la charge de travail\" class=\"card-icon\" width=\"30\" height=\"30\"><\/div>\n\t\t\t\t\t\t\t<a href=\"https:\/\/www.sequiq.de\/fr\/lissage-de-la-charge-de-travail\/\" class=\"card-title d-block stretched-link text-decoration-none my-2 fw-semibold fs-5\">Lissage de la charge de travail<\/a>\n\t\t\t\t\t\t\t<p class=\"card-text hyphens m-0 p-0\">\n\t\t\t\t\t\t\t\tPrendre en compte la charge des postes de travail individuels lors du s\u00e9quen\u00e7age et permettre une production plus stable.\t\t\t\t\t\t\t\t<a href=\"https:\/\/www.sequiq.de\/fr\/lissage-de-la-charge-de-travail\/\" class=\"text-link\">En savoir plus<\/a>\n\t\t\t\t\t\t\t<\/p>\n\n\t\t\t\t\t\t<\/div>\n\t\t\t\t\t<\/div>\n\t\t\t\t\n\t\t\t<\/div>\n\t\t\t\n\t\t\t\n\t\t\t\t\t\t<div class=\"col\">\n\t\t\t\t\n\n\t\t\t\t\n\t\t\t\t\t<div class=\"card card-teaser rounded h-100\">\n\t\t\t\t\t\t<div class=\"card-body p-3 p-lg-4\">\n\t\t\t\t\t\t\t<div class=\"card-icon-wrapper\"><img loading=\"lazy\" decoding=\"async\" src=\"https:\/\/www.sequiq.de\/wp-content\/uploads\/sites\/2\/icon-module-scheduling.svg\" alt=\"Planification des rendez-vous\" class=\"card-icon\" width=\"30\" height=\"30\"><\/div>\n\t\t\t\t\t\t\t<a href=\"https:\/\/www.sequiq.de\/fr\/planification-des-rendez-vous\/\" class=\"card-title d-block stretched-link text-decoration-none my-2 fw-semibold fs-5\">Planification des rendez-vous<\/a>\n\t\t\t\t\t\t\t<p class=\"card-text hyphens m-0 p-0\">\n\t\t\t\t\t\t\t\tContr\u00f4ler les d\u00e9lais gr\u00e2ce \u00e0 des types de r\u00e8gles et des calendriers d&rsquo;entreprise complets et les respecter en toute s\u00e9r\u00e9nit\u00e9.\t\t\t\t\t\t\t\t<a href=\"https:\/\/www.sequiq.de\/fr\/planification-des-rendez-vous\/\" class=\"text-link\">En savoir plus<\/a>\n\t\t\t\t\t\t\t<\/p>\n\n\t\t\t\t\t\t<\/div>\n\t\t\t\t\t<\/div>\n\t\t\t\t\n\t\t\t<\/div>\n\t\t\t\n\t\t\t\n\t\t\t\t\t\t<div class=\"col\">\n\t\t\t\t\n\n\t\t\t\t\n\t\t\t\t\t<div class=\"card card-teaser rounded h-100\">\n\t\t\t\t\t\t<div class=\"card-body p-3 p-lg-4\">\n\t\t\t\t\t\t\t<div class=\"card-icon-wrapper\"><img loading=\"lazy\" decoding=\"async\" src=\"https:\/\/www.sequiq.de\/wp-content\/uploads\/sites\/2\/icon-module-program-planning.svg\" alt=\"Programmation\" class=\"card-icon\" width=\"30\" height=\"30\"><\/div>\n\t\t\t\t\t\t\t<a href=\"https:\/\/www.sequiq.de\/fr\/programmation\/\" class=\"card-title d-block stretched-link text-decoration-none my-2 fw-semibold fs-5\">Programmation<\/a>\n\t\t\t\t\t\t\t<p class=\"card-text hyphens m-0 p-0\">\n\t\t\t\t\t\t\t\tD\u00e9terminer la faisabilit\u00e9 et les goulots d&rsquo;\u00e9tranglement du programme de commandes \u00e0 un stade pr\u00e9coce et les anticiper efficacement.\t\t\t\t\t\t\t\t<a href=\"https:\/\/www.sequiq.de\/fr\/programmation\/\" class=\"text-link\">En savoir plus<\/a>\n\t\t\t\t\t\t\t<\/p>\n\n\t\t\t\t\t\t<\/div>\n\t\t\t\t\t<\/div>\n\t\t\t\t\n\t\t\t<\/div>\n\t\t\t\n\t\t\t\n\t\t\t\t\t\t<div class=\"col\">\n\t\t\t\t\n\n\t\t\t\t\n\t\t\t\t\t<div class=\"card card-teaser rounded h-100\">\n\t\t\t\t\t\t<div class=\"card-body p-3 p-lg-4\">\n\t\t\t\t\t\t\t<div class=\"card-icon-wrapper\"><img loading=\"lazy\" decoding=\"async\" src=\"https:\/\/www.sequiq.de\/wp-content\/uploads\/sites\/2\/icon-module-multi-line-planning.svg\" alt=\"Planification multi-lignes\" class=\"card-icon\" width=\"30\" height=\"30\"><\/div>\n\t\t\t\t\t\t\t<a href=\"https:\/\/www.sequiq.de\/fr\/multilinienplanung\/\" class=\"card-title d-block stretched-link text-decoration-none my-2 fw-semibold fs-5\">Planification multi-lignes<\/a>\n\t\t\t\t\t\t\t<p class=\"card-text hyphens m-0 p-0\">\n\t\t\t\t\t\t\t\tPlanifier facilement des structures de lignes individuelles .\t\t\t\t\t\t\t\t<a href=\"https:\/\/www.sequiq.de\/fr\/multilinienplanung\/\" class=\"text-link\">En savoir plus<\/a>\n\t\t\t\t\t\t\t<\/p>\n\n\t\t\t\t\t\t<\/div>\n\t\t\t\t\t<\/div>\n\t\t\t\t\n\t\t\t<\/div>\n\t\t\t\n\t\t\t\t\t\t\n\t\t\t\t<div class=\"col\">\n\t\t\t\t\t<div class=\"card card-teaser rounded h-100\">\n\t\t\t\t\t\t<div class=\"card-body p-3 p-lg-4\">\n\n\t\t\t\t\t\t\t<div class=\"card-icon-wrapper\"><\/div>\n\t\t\t\t\t\t\t\t\t\t\t\t\t\t<a href=\"https:\/\/www.taktiq.de\" class=\"card-title d-block stretched-link text-decoration-none my-2 fw-semibold fs-5\" target=\"_blank\">\n\t\t\t\t\t\t\t\t\t\t\t\t\t\t\t\t\t<img decoding=\"async\" src=\"https:\/\/www.sequiq.de\/wp-content\/uploads\/sites\/2\/2025\/07\/taktiq-logo.svg\" alt=\"TAKTIQ\" class=\"card-title-logo\">\n\t\t\t\t\t\t\t\t\t\t\t\t\t\t\t<\/a>\n\t\t\t\t\t\t\t\t\t\t\t\t\t\t<p class=\"card-text hyphens m-0 p-0\">Mais vous cherchez une solution pour l&#039;\u00e9quilibrage ? Alors testez TAKTIQ !  <a href=\"https:\/\/www.taktiq.de\" class=\"text-link\">En savoir plus<\/a><\/p>\n\n\t\t\t\t\t\t<\/div>\n\t\t\t\t\t<\/div>\n\t\t\t\t<\/div>\n\t\t\n\t\t\n\t<\/div>\n<\/div>\n\n<\/div>\n","protected":false},"excerpt":{"rendered":"<p>\u2190 Releases Le printemps apporte un nouvel \u00e9lan, y compris dans SEQUIQ!Avec la version 2026.4 , des nouveaut\u00e9s passionnantes vous attendent, \u00e0 commencer par une nouvelle fonction d&rsquo;analyse qui assure encore plus de transparence dans la planification des commandes . De plus, un aper\u00e7u concis des principales nouveaut\u00e9s vous accueillera d\u00e9sormais \u00e0 chaque nouvelle version, [&hellip;]<\/p>\n","protected":false},"featured_media":1572,"template":"","class_list":["post-1553","release","type-release","status-publish","has-post-thumbnail","hentry"],"acf":[],"_links":{"self":[{"href":"https:\/\/www.sequiq.de\/fr\/wp-json\/wp\/v2\/release\/1553","targetHints":{"allow":["GET"]}}],"collection":[{"href":"https:\/\/www.sequiq.de\/fr\/wp-json\/wp\/v2\/release"}],"about":[{"href":"https:\/\/www.sequiq.de\/fr\/wp-json\/wp\/v2\/types\/release"}],"wp:featuredmedia":[{"embeddable":true,"href":"https:\/\/www.sequiq.de\/fr\/wp-json\/wp\/v2\/media\/1572"}],"wp:attachment":[{"href":"https:\/\/www.sequiq.de\/fr\/wp-json\/wp\/v2\/media?parent=1553"}],"curies":[{"name":"wp","href":"https:\/\/api.w.org\/{rel}","templated":true}]}}