{"id":1452,"date":"2026-02-06T15:36:33","date_gmt":"2026-02-06T14:36:33","guid":{"rendered":"https:\/\/www.sequiq.de\/?post_type=release&#038;p=1452"},"modified":"2026-02-26T15:46:42","modified_gmt":"2026-02-26T14:46:42","slug":"release-2026-2","status":"publish","type":"release","link":"https:\/\/www.sequiq.de\/hu\/releases\/release-2026-2\/","title":{"rendered":"2026.2 kiad\u00e1s"},"content":{"rendered":"\n<div class=\"wp-block-group alignfull has-global-padding is-layout-constrained wp-block-group-is-layout-constrained\">\n<div class=\"wp-block-columns alignwide are-vertically-aligned-top is-layout-flex wp-container-core-columns-is-layout-28f84493 wp-block-columns-is-layout-flex\">\n<div class=\"wp-block-column is-vertically-aligned-top is-layout-flow wp-block-column-is-layout-flow\">\n<div class=\"wp-block-group alignwide has-global-padding is-layout-constrained wp-container-core-group-is-layout-c3d0faaf wp-block-group-is-layout-constrained\" style=\"padding-top:0;padding-right:0;padding-bottom:0;padding-left:0\">\n<p class=\"alignwide has-text-align-wide has-orange-color has-text-color has-link-color has-h-5-font-size wp-elements-f49e13a3a087ee1259d45081bbe5d4ba\">\u2190 <a href=\"https:\/\/www.sequiq.de\/hu\/kiadvanyok\/\">K\u00f6zlem\u00e9nyek<\/a><\/p>\n\n\n<h1 class=\"alignwide wp-block-post-title\">2026.2 kiad\u00e1s<\/h1><\/div>\n\n\n\n<p><strong>\u00daj \u00e9v, \u00faj dimenzi\u00f3 az \u00fctemez\u00e9sben<\/strong>:<br \/>A febru\u00e1ri megjelen\u00e9ssel a SEQUIQ t\u00f6bbvonalas tervez\u00e9s ker\u00fcl a k\u00f6z\u00e9ppontba. Most el\u0151sz\u00f6r optimaliz\u00e1lhatja a <strong>rendel\u00e9ssorozatot \u00e9s a soreloszt\u00e1st egyetlen l\u00e9p\u00e9sben.<\/strong><br \/>Az automatikus sorozattervez\u00e9s \u00faj konfigur\u00e1ci\u00f3s lehet\u0151s\u00e9gei <strong>m\u00e9g nagyobb kontrollt<\/strong> biztos\u00edtanak <strong>az optimaliz\u00e1l\u00e1s felett<\/strong>. <\/p>\n\n\n\n<p><strong>\u00c9rdemes tov\u00e1bb olvasni!<\/strong><\/p>\n<\/div>\n\n\n\n<div class=\"wp-block-column is-vertically-aligned-top is-layout-flow wp-block-column-is-layout-flow\">\n<div class=\"wp-block-group has-lightgrey-background-color has-background has-global-padding is-layout-constrained wp-container-core-group-is-layout-7c7fb8f8 wp-block-group-is-layout-constrained\" style=\"padding-top:var(--wp--preset--spacing--50);padding-right:var(--wp--preset--spacing--50);padding-bottom:var(--wp--preset--spacing--50);padding-left:var(--wp--preset--spacing--50)\">\n<p><strong>A k\u00f6vetkez\u0151 kiemelt esem\u00e9nyekre sz\u00e1m\u00edthat:<\/strong><\/p>\n\n\n\n<ul class=\"wp-block-list\">\n<li>SEQUIQ t\u00f6bbvonalas tervez\u00e9s  <\/li>\n\n\n\n<li>A szekvencia-szab\u00e1lyok k\u00fcl\u00f6n rangsorol\u00e1sa  <\/li>\n\n\n\n<li>Haszn\u00e1lat-orient\u00e1lt szekven\u00e1l\u00e1s a SEQUIQ rendel\u00e9s\u00e1llom\u00e1ny seg\u00edts\u00e9g\u00e9vel  <\/li>\n<\/ul>\n\n\n\n<p>A hossz\u00fa t\u00e1v\u00fa t\u00e1mogat\u00e1ssal (LTS) rendelkez\u0151 \u00fcgyfelek az \u00faj funkci\u00f3kat a k\u00f6vetkez\u0151, 2026 m\u00e1rcius\u00e1ban megjelen\u0151 LTS kiad\u00e1ssal kapj\u00e1k meg.<\/p>\n<\/div>\n<\/div>\n<\/div>\n<\/div>\n\n<div class=\"wp-block-group alignfull has-lightgrey-background-color has-background has-global-padding is-layout-constrained wp-container-core-group-is-layout-c5bbea69 wp-block-group-is-layout-constrained\">\n<div class=\"wp-block-group alignwide has-white-background-color has-background has-global-padding is-layout-constrained wp-container-core-group-is-layout-ae744a23 wp-block-group-is-layout-constrained\" style=\"border-radius:1.5rem;padding-top:var(--wp--preset--spacing--70);padding-right:var(--wp--preset--spacing--70);padding-bottom:var(--wp--preset--spacing--70);padding-left:var(--wp--preset--spacing--70)\">\n<div class=\"wp-block-columns alignwide is-layout-flex wp-container-core-columns-is-layout-28f84493 wp-block-columns-is-layout-flex\">\n<div class=\"wp-block-column is-layout-flow wp-block-column-is-layout-flow\" style=\"flex-basis:33.3%\">\n<figure class=\"wp-block-embed is-type-video is-provider-youtube wp-block-embed-youtube wp-embed-aspect-16-9 wp-has-aspect-ratio\"><div class=\"wp-block-embed__wrapper\">\n <div class=\"brlbs-cmpnt-container brlbs-cmpnt-content-blocker\" data-borlabs-cookie-content-blocker-id=\"youtube-content-blocker\" data-borlabs-cookie-content=\"PGlmcmFtZSB0aXRsZT0iTXVsdGnigJFMaW5lIFBsYW5uaW5nOiBEaXNjb3ZlciBIaWRkZW4gUG90ZW50aWFsIC0gU0VRVUlRIE9yZGVyIFNlcXVlbmNpbmciIHdpZHRoPSI1MDAiIGhlaWdodD0iMjgxIiBzcmM9Imh0dHBzOi8vd3d3LnlvdXR1YmUtbm9jb29raWUuY29tL2VtYmVkLzRyTGNTTkZfZGFzP2ZlYXR1cmU9b2VtYmVkIiBmcmFtZWJvcmRlcj0iMCIgYWxsb3c9ImFjY2VsZXJvbWV0ZXI7IGF1dG9wbGF5OyBjbGlwYm9hcmQtd3JpdGU7IGVuY3J5cHRlZC1tZWRpYTsgZ3lyb3Njb3BlOyBwaWN0dXJlLWluLXBpY3R1cmU7IHdlYi1zaGFyZSIgcmVmZXJyZXJwb2xpY3k9InN0cmljdC1vcmlnaW4td2hlbi1jcm9zcy1vcmlnaW4iIGFsbG93ZnVsbHNjcmVlbj48L2lmcmFtZT4=\"><div class=\"brlbs-cmpnt-cb-preset-c brlbs-cmpnt-cb-youtube\"> <div class=\"brlbs-cmpnt-cb-thumbnail\" style=\"background-image: url('https:\/\/www.sequiq.de\/wp-content\/uploads\/borlabs-cookie\/2\/yt_4rLcSNF_das_hqdefault.jpg')\"><\/div> <div class=\"brlbs-cmpnt-cb-main\"> <div class=\"brlbs-cmpnt-cb-play-button\"><\/div> <div class=\"brlbs-cmpnt-cb-content\"> <p class=\"brlbs-cmpnt-cb-description\">You are currently viewing a placeholder content from <strong>YouTube<\/strong>. To access the actual content, click the button below. Please note that doing so will share data with third-party providers.<\/p> <a class=\"brlbs-cmpnt-cb-provider-toggle\" href=\"#\" data-borlabs-cookie-show-provider-information role=\"button\">More Information<\/a> <\/div> <div class=\"brlbs-cmpnt-cb-buttons\"> <a class=\"brlbs-cmpnt-cb-btn\" href=\"#\" data-borlabs-cookie-unblock role=\"button\">Unblock content<\/a> <a class=\"brlbs-cmpnt-cb-btn\" href=\"#\" data-borlabs-cookie-accept-service role=\"button\" style=\"display: inherit\">Accept required service and unblock content<\/a> <\/div> <\/div> <\/div><\/div>\n<\/div><\/figure>\n<\/div>\n\n\n\n<div class=\"wp-block-column is-layout-flow wp-block-column-is-layout-flow\" style=\"flex-basis:66.66%\">\n<div class=\"wp-block-group has-global-padding is-layout-constrained wp-container-core-group-is-layout-c3d0faaf wp-block-group-is-layout-constrained\" style=\"padding-top:0;padding-right:0;padding-bottom:0;padding-left:0\">\n<h3 class=\"wp-block-heading has-orange-color has-text-color has-link-color has-h-5-font-size wp-elements-36a21e5aa1ddd51fe358da06ca8b8165\" style=\"font-style:normal;font-weight:300\">Optimaliz\u00e1l\u00e1s\/rendez\u00e9si sorrend II (automatikus)<\/h3>\n\n\n\n<p class=\"has-h-3-font-size\">SEQUIQ t\u00f6bbvonalas tervez\u00e9s<\/p>\n<\/div>\n\n\n\n<p>H\u00f3napokig tart\u00f3 intenz\u00edv fejleszt\u00e9s ut\u00e1n \u00f6r\u00f6mmel mutatjuk be az \u00fctemez\u00e9s \u00faj dimenzi\u00f3j\u00e1t: a <strong>SEQUIQ t\u00f6bbsoros \u00fctemez\u00e9st<\/strong>. <br \/>Ez el\u0151sz\u00f6r teszi lehet\u0151v\u00e9, <strong>hogy egyszerre t\u00f6bb p\u00e1rhuzamos vonal<\/strong> sorrendj\u00e9t <strong>optimaliz\u00e1ljuk<\/strong> &#8211; \u00e9s dinamikusan meghat\u00e1rozzuk a <strong>lehet\u0151 legjobb sorrendeloszt\u00e1st<\/strong> ezekhez a vonalakhoz. Ami kor\u00e1bban r\u00f6gz\u00edtett specifik\u00e1ci\u00f3nak sz\u00e1m\u00edtott, most mag\u00e1nak az optimaliz\u00e1l\u00e1snak a r\u00e9sz\u00e9v\u00e9 v\u00e1lik, \u00e9s <strong>teljesen \u00faj lehet\u0151s\u00e9geket<\/strong> nyit meg a p\u00e1rhuzamos sorokkal vagy szalagszakaszokkal rendelkez\u0151 gy\u00e1rt\u00e1si strukt\u00far\u00e1k sz\u00e1m\u00e1ra.   <\/p>\n\n\n\n<p><strong>Az \u00fctemez\u00e9s munkafolyamata:<\/strong> <\/p>\n\n\n\n<p><strong>1. Kezdje el a tervez\u00e9st: egyszerre t\u00f6bb sor bet\u00f6lt\u00e9se<\/strong> <br \/>A SEQUIQ rendel\u00e9s\u00e1llom\u00e1nyban a szok\u00e1sos m\u00f3don kezd. \u00dajdons\u00e1g azonban, hogy <strong>mostant\u00f3l egyszerre t\u00f6bb p\u00e1rhuzamos sort is bet\u00f6lthet a tervez\u00e9sbe<\/strong>. A SEQUIQ \u00fagynevezett referencia\u00e1llom\u00e1sokat haszn\u00e1l a k\u00fcl\u00f6nb\u00f6z\u0151 vonalak vagy szalagszakaszok felt\u00e9rk\u00e9pez\u00e9s\u00e9hez.   <\/p>\n\n\n\n<p><strong>2. az \u00e1ttekint\u00e9s fenntart\u00e1sa: V\u00e1lt\u00e1s a szekvenci\u00e1k k\u00f6z\u00f6tt<\/strong> <br \/>Az \u00fctemez\u00e9s sor\u00e1n a SEQUIQ \u00e1llapotsorban tal\u00e1lhat\u00f3 <strong>\u00faj ugr\u00e1s funkci\u00f3val<\/strong> k\u00f6nnyed\u00e9n v\u00e1lthat<strong>a sorok \u00e9s a hozz\u00e1juk tartoz\u00f3 szekvenci\u00e1k k\u00f6z\u00f6tt<\/strong>. Azonnal l\u00e1thatja, hogy melyik soron melyik megrendel\u00e9s van, \u00f6sszesen h\u00e1ny megrendel\u00e9s van betervezve, \u00e9s mennyire tartj\u00e1k be a vonatkoz\u00f3 sorrendi szab\u00e1lyokat.   <\/p>\n\n\n\n<p><strong>3<\/strong>. <strong>optimaliz\u00e1l\u00e1s:<\/strong> A <strong>szekvenci\u00e1k \u00e9s a kioszt\u00e1s intelligens optimaliz\u00e1l\u00e1sa<\/strong> <br \/>Az automatikus szekven\u00e1l\u00e1ssal mostant\u00f3l minden egyes bet\u00f6lt\u00f6tt sorra vonatkoz\u00f3an k\u00fcl\u00f6n-k\u00fcl\u00f6n d\u00f6nthet minden egyes futtat\u00e1s el\u0151tt, hogy a SEQUIQ csak a szekvenci\u00e1t vagy <strong>a sorkioszt\u00e1st is <\/strong>optimaliz\u00e1lja. \u00cdgy meghat\u00e1rozhatja, hogy a rendszer mennyire <strong>rugalmasan<\/strong> tervezhet. <br \/>Ugyanakkor <strong>az \u00d6n szab\u00e1lyk\u00e9szletei<\/strong> a h\u00e1tt\u00e9rben l\u00e9pnek \u00e9rv\u00e9nybe: Itt hat\u00e1rozza meg, hogy bizonyos szekvencia-szab\u00e1lyok mely vonalakra (referencia\u00e1llom\u00e1sokra) vonatkoznak. Ez biztos\u00edtja, hogy a szab\u00e1lyokat csak ott vegye figyelembe a rendszer, ahol azoknak m\u0171szaki \u00e9rtelme van. <br \/>Az <strong>\u00faj &#8222;Hozz\u00e1rendel\u00e9s&#8221; szab\u00e1lyt\u00edpussal<\/strong> azt is meghat\u00e1rozhatja, hogy mely megrendel\u00e9sek mely vonalakon k\u00e9sz\u00fclhetnek, pl. ha speci\u00e1lis berendez\u00e9sekre vagy szakk\u00e9pzett munkat\u00e1rsakra van sz\u00fcks\u00e9g, de nem mindenhol \u00e1llnak rendelkez\u00e9sre. <br \/>A <strong>csillags\u00falyoz\u00e1ssal<\/strong> szab\u00e1lyozhatja a szab\u00e1ly priorit\u00e1s\u00e1t, \u00e9s \u00edgy a r\u00f6gz\u00edtett el\u0151\u00edr\u00e1sok mellett <strong>puh\u00e1bb vonalpreferenci\u00e1kat<\/strong> is lek\u00e9pezhet. <br \/>Term\u00e9szetesen k\u00e9zi vez\u00e9rl\u00e9ssel is rendelkezik: a <strong>megrendel\u00e9seket b\u00e1rmikor manu\u00e1lisan \u00e1thelyezheti a vonalak k\u00f6z\u00f6tt<\/strong>, hogy a lehet\u0151 legjobban el\u00e9rje az \u00fctemez\u00e9si c\u00e9lokat.    <\/p>\n\n\n\n<p><strong>4. v\u00e9gleges\u00edtse a menetrendet: R\u00e9szletes elemz\u00e9s \u00e9s megtakar\u00edt\u00e1s<\/strong> <br \/>Az optimaliz\u00e1l\u00e1s befejez\u00e9se ut\u00e1n a <strong>programelemz\u00e9s<\/strong> egy pillant\u00e1ssal megmutatja <strong>, hogyan oszlik meg a tervez\u00e9s<\/strong>, p\u00e9ld\u00e1ul h\u00e1ny megrendel\u00e9st osztottak ki egy t\u00edpusb\u00f3l a korai m\u0171szakra. Ehhez egyszer\u0171en v\u00e1lassza ki a k\u00edv\u00e1nt referencia\u00e1llom\u00e1st az \u00e1llapotsorban, \u00e9s ind\u00edtsa el a <strong>r\u00e9szletes elemz\u00e9st<\/strong>.<br \/>Az \u00fctemez\u00e9s ment\u00e9sekor mostant\u00f3l automatikusan kap egy<strong> \u00e1ttekinthet\u0151 t\u00e1bl\u00e1zatos n\u00e9zetet<\/strong> minden egyes referencia\u00e1llom\u00e1shoz &#8211; bele\u00e9rtve a megrendel\u00e9sek sz\u00e1m\u00e1t \u00e9s a szab\u00e1lyoknak val\u00f3 megfelel\u00e9st.   <br \/><\/p>\n\n\n\n<p><strong>5. \u00c1tfog\u00f3 konfigur\u00e1ci\u00f3: az optimaliz\u00e1l\u00e1si szabads\u00e1gok k\u00f6zponti meghat\u00e1roz\u00e1sa<\/strong> <br \/>P\u00e1rhuzamos vonalstrukt\u00far\u00e1j\u00fa ter\u00fcletek eset\u00e9ben <strong>k\u00f6zpontilag<\/strong>, az Admin modulban <strong>hat\u00e1rozhatja meg<\/strong>, hogy a SEQUIQ megv\u00e1ltoztathatja-e a vonalkioszt\u00e1st, \u00e9s ha igen, hogyan. Minden egyes referencia\u00e1llom\u00e1s eset\u00e9ben meghat\u00e1rozhatja, hogy a megb\u00edz\u00e1sok <strong>automatikusan<\/strong>, <strong>csak manu\u00e1lisan<\/strong> vagy <strong>egy\u00e1ltal\u00e1n nem<\/strong> helyezhet\u0151k \u00e1t m\u00e1s vonalakra. <br \/>\u00cdgy <strong>teljes m\u00e9rt\u00e9kben<\/strong> \u00d6n d\u00f6ntheti el, hogy a tervez\u00e9s sor\u00e1n milyen m\u00e9rt\u00e9k\u0171 automatiz\u00e1l\u00e1st k\u00edv\u00e1n, \u00e9s a SEQUIQ pontosan az \u00d6n \u00e1ltal meghat\u00e1rozott keretek k\u00f6z\u00f6tt tervez.   <\/p>\n\n\n\n<p><strong>\u00d6sszefoglal\u00f3<\/strong> <br \/>Az \u00faj t\u00f6bbsoros tervez\u00e9s \u00faj szintre emeli az \u00fctemez\u00e9st: <strong>egyszerre t\u00f6bb sort<\/strong> is megtekinthet,<strong> intelligens \u00e9s rugalmas optimaliz\u00e1l\u00e1sokat<\/strong> v\u00e9gezhet, \u00e9s mindig betarthat <strong>minden szab\u00e1lyt \u00e9s korl\u00e1toz\u00e1st<\/strong>. <br \/>Az \u00faj funkci\u00f3 m\u00e1r el\u00e9rhet\u0151 a <strong>t\u00f6bbvonalas tervez\u00e9si modulban <\/strong>.  <\/p>\n\n\n\n<p><strong>Vegye fel vel\u00fcnk a kapcsolatot, \u00e9s fedezze fel a tervez\u00e9s \u00faj lehet\u0151s\u00e9geit!  <\/strong><\/p>\n<\/div>\n<\/div>\n<\/div>\n\n\n\n<div class=\"wp-block-group alignwide has-white-background-color has-background has-global-padding is-layout-constrained wp-container-core-group-is-layout-ae744a23 wp-block-group-is-layout-constrained\" style=\"border-radius:1.5rem;padding-top:var(--wp--preset--spacing--70);padding-right:var(--wp--preset--spacing--70);padding-bottom:var(--wp--preset--spacing--70);padding-left:var(--wp--preset--spacing--70)\">\n<div class=\"wp-block-columns alignwide is-layout-flex wp-container-core-columns-is-layout-28f84493 wp-block-columns-is-layout-flex\">\n<div class=\"wp-block-column is-layout-flow wp-block-column-is-layout-flow\" style=\"flex-basis:33.3%\">\n<figure class=\"wp-block-image aligncenter size-full is-style-rounded is-style-rounded--1\"><img loading=\"lazy\" decoding=\"async\" width=\"1920\" height=\"1081\" src=\"https:\/\/www.sequiq.de\/wp-content\/uploads\/sites\/2\/SEQUIQ_Rulesets-80.jpg\" alt=\"\" class=\"wp-image-1456\" srcset=\"https:\/\/www.sequiq.de\/wp-content\/uploads\/sites\/2\/SEQUIQ_Rulesets-80.jpg 1920w, https:\/\/www.sequiq.de\/wp-content\/uploads\/sites\/2\/SEQUIQ_Rulesets-80-900x507.jpg 900w, https:\/\/www.sequiq.de\/wp-content\/uploads\/sites\/2\/SEQUIQ_Rulesets-80-1800x1013.jpg 1800w, https:\/\/www.sequiq.de\/wp-content\/uploads\/sites\/2\/SEQUIQ_Rulesets-80-768x432.jpg 768w, https:\/\/www.sequiq.de\/wp-content\/uploads\/sites\/2\/SEQUIQ_Rulesets-80-1536x865.jpg 1536w\" sizes=\"auto, (max-width: 1920px) 100vw, 1920px\" \/><\/figure>\n<\/div>\n\n\n\n<div class=\"wp-block-column is-layout-flow wp-block-column-is-layout-flow\" style=\"flex-basis:66.66%\">\n<div class=\"wp-block-group has-global-padding is-layout-constrained wp-container-core-group-is-layout-c3d0faaf wp-block-group-is-layout-constrained\" style=\"padding-top:0;padding-right:0;padding-bottom:0;padding-left:0\">\n<h3 class=\"wp-block-heading has-orange-color has-text-color has-link-color has-h-5-font-size wp-elements-36a21e5aa1ddd51fe358da06ca8b8165\" style=\"font-style:normal;font-weight:300\">Optimaliz\u00e1l\u00e1s\/rendez\u00e9si sorrend II (automatikus)<\/h3>\n\n\n\n<p class=\"has-h-3-font-size\">A szekvencia-szab\u00e1lyok k\u00fcl\u00f6n rangsorol\u00e1sa<\/p>\n<\/div>\n\n\n\n<p><br \/>Az \u00faj kiad\u00e1s m\u00e9g t\u00f6bb lehet\u0151s\u00e9get biztos\u00edt, hogy a szekvenci\u00e1t <strong>pontosan az \u00d6n ig\u00e9nyeihez igaz\u00edtsa<\/strong>. Mostant\u00f3l pontosan meghat\u00e1rozhatja, hogy <strong>m\u00e1s szekven\u00e1l\u00e1si c\u00e9lok<\/strong> (pl. a munkaterhel\u00e9s kiegyenl\u00edt\u00e9se vagy az egyenletes eloszl\u00e1s optimaliz\u00e1l\u00e1sa) hogyan kapjanak priorit\u00e1st a csillaggal \u00e9rt\u00e9kelt szekven\u00e1l\u00e1si szab\u00e1lyokhoz k\u00e9pest.   <\/p>\n\n\n\n<p><strong>Mi\u00e9rt van ennek \u00e9rtelme?<\/strong> <\/p>\n\n\n\n<p>Kor\u00e1bban a csillagszab\u00e1lyok \u00e1ltal\u00e1ban magasabb vagy alacsonyabb s\u00falyt kaptak, mint az optimaliz\u00e1l\u00e1si c\u00e9lok, p\u00e9ld\u00e1ul az egyenl\u0151 eloszt\u00e1s vagy a c\u00e9ld\u00e1tumt\u00f3l val\u00f3 t\u00e1vols\u00e1g. Az \u00faj funkci\u00f3val <strong>mostant\u00f3l tov\u00e1bbi szekven\u00e1l\u00e1si c\u00e9lokat<\/strong> rendelhet <strong>kifejezetten a csillagszab\u00e1lyok<\/strong><strong>szintjei<\/strong> <strong>k\u00f6z\u00e9<\/strong>.   <\/p>\n\n\n\n<p><strong>P\u00e9lda:<\/strong> <\/p>\n\n\n\n<p>Egy k\u00fcl\u00f6n\u00f6sen nagy kihaszn\u00e1lts\u00e1g\u00fa funkci\u00f3t a cs\u00facsterhel\u00e9s elker\u00fcl\u00e9se \u00e9rdek\u00e9ben a lehet\u0151 legegyenletesebben kell elosztani a nap folyam\u00e1n. Ebben az esetben az egyenletes eloszt\u00e1s fontosabb az \u00fctemez\u00e9s szempontj\u00e1b\u00f3l, mint a 3 csillagos szab\u00e1lyoknak val\u00f3 megfelel\u00e9s &#8211; ugyanakkor a k\u00fcl\u00f6n\u00f6sen kritikus 4 vagy 5 csillagos blokkszab\u00e1lyoknak tov\u00e1bbra is els\u0151bbs\u00e9get kell \u00e9lvezni\u00fck.   <\/p>\n\n\n\n<p><strong>Pontosan ez a finom vez\u00e9rl\u00e9s mostant\u00f3l lehets\u00e9ges.  <\/strong><\/p>\n\n\n\n<p><strong>Hogyan m\u0171k\u00f6dik?<\/strong> <\/p>\n\n\n\n<p>Az automatikus szekven\u00e1l\u00e1s konfigur\u00e1ci\u00f3s p\u00e1rbesz\u00e9dpanelben az Optimaliz\u00e1l\u00e1s \/ Automatikus szekven\u00e1l\u00e1s alatt egy \u00faj gomb \u00e9rhet\u0151 el (<strong>&#8222;A szab\u00e1lyok s\u00falyoz\u00e1s\u00e1nak k\u00fcl\u00f6n-k\u00fcl\u00f6n t\u00f6rt\u00e9n\u0151 prioriz\u00e1l\u00e1sa<\/strong>&#8222;). <br \/>Amint a gombot aktiv\u00e1lja, a SEQUIQ minden egyes el\u0151fordul\u00f3 csillags\u00falyoz\u00e1shoz k\u00fcl\u00f6n priorit\u00e1si sort gener\u00e1l. <br \/>A gener\u00e1lt prioriz\u00e1l\u00e1si sorokat a szok\u00e1sos m\u00f3don<strong>, drag &amp; drop seg\u00edts\u00e9g\u00e9vel rendezheti<\/strong>, \u00e9s p\u00e9ld\u00e1ul az egyenl\u0151 eloszt\u00e1st a 3 csillagos szab\u00e1lyoknak val\u00f3 megfelel\u00e9s f\u00f6l\u00e9, de a 4 csillagos szab\u00e1lyok al\u00e1 helyezheti. <strong>Ez lehet\u0151v\u00e9 teszi, hogy rugalmasan alkalmazkodjon az optimaliz\u00e1l\u00e1si logik\u00e1hoz.<\/strong> <\/p>\n\n\n\n<p><strong>Pr\u00f3b\u00e1lja ki azonnal!<\/strong> <\/p>\n<\/div>\n<\/div>\n<\/div>\n\n\n\n<div class=\"wp-block-group alignwide has-white-background-color has-background has-global-padding is-layout-constrained wp-container-core-group-is-layout-ae744a23 wp-block-group-is-layout-constrained\" style=\"border-radius:1.5rem;padding-top:var(--wp--preset--spacing--70);padding-right:var(--wp--preset--spacing--70);padding-bottom:var(--wp--preset--spacing--70);padding-left:var(--wp--preset--spacing--70)\">\n<div class=\"wp-block-columns alignwide is-layout-flex wp-container-core-columns-is-layout-28f84493 wp-block-columns-is-layout-flex\">\n<div class=\"wp-block-column is-layout-flow wp-block-column-is-layout-flow\" style=\"flex-basis:33.3%\">\n<figure class=\"wp-block-image aligncenter size-full is-style-rounded is-style-rounded--2\"><img loading=\"lazy\" decoding=\"async\" width=\"1920\" height=\"1081\" src=\"https:\/\/www.sequiq.de\/wp-content\/uploads\/sites\/2\/SEQUIQ_Order_Backlog-80.jpg\" alt=\"\" class=\"wp-image-1462\" srcset=\"https:\/\/www.sequiq.de\/wp-content\/uploads\/sites\/2\/SEQUIQ_Order_Backlog-80.jpg 1920w, https:\/\/www.sequiq.de\/wp-content\/uploads\/sites\/2\/SEQUIQ_Order_Backlog-80-900x507.jpg 900w, https:\/\/www.sequiq.de\/wp-content\/uploads\/sites\/2\/SEQUIQ_Order_Backlog-80-1800x1013.jpg 1800w, https:\/\/www.sequiq.de\/wp-content\/uploads\/sites\/2\/SEQUIQ_Order_Backlog-80-768x432.jpg 768w, https:\/\/www.sequiq.de\/wp-content\/uploads\/sites\/2\/SEQUIQ_Order_Backlog-80-1536x865.jpg 1536w\" sizes=\"auto, (max-width: 1920px) 100vw, 1920px\" \/><\/figure>\n<\/div>\n\n\n\n<div class=\"wp-block-column is-layout-flow wp-block-column-is-layout-flow\" style=\"flex-basis:66.66%\">\n<div class=\"wp-block-group has-global-padding is-layout-constrained wp-container-core-group-is-layout-c3d0faaf wp-block-group-is-layout-constrained\" style=\"padding-top:0;padding-right:0;padding-bottom:0;padding-left:0\">\n<h3 class=\"wp-block-heading has-orange-color has-text-color has-link-color has-h-5-font-size wp-elements-36a21e5aa1ddd51fe358da06ca8b8165\" style=\"font-style:normal;font-weight:300\">Dokument\u00e1l\u00e1s \/ rendel\u00e9s\u00e1llom\u00e1ny<\/h3>\n\n\n\n<p class=\"has-h-3-font-size\">Haszn\u00e1lat-orient\u00e1lt szekven\u00e1l\u00e1s a SEQUIQ rendel\u00e9s\u00e1llom\u00e1ny seg\u00edts\u00e9g\u00e9vel  <\/p>\n<\/div>\n\n\n\n<p><br \/>A SEQUIQ seg\u00edts\u00e9g\u00e9vel <strong>m\u00e1sodpercek alatt optimaliz\u00e1lt gy\u00e1rt\u00e1si szekvenci\u00e1kat<\/strong> hozhat l\u00e9tre &#8211; \u00e9s biztos\u00edthatja a stabil termel\u00e9st. A klasszikus szekven\u00e1l\u00e1si szab\u00e1lyok, p\u00e9ld\u00e1ul a s\u0171r\u0171s\u00e9g mellett a <strong>munka\u00e1llom\u00e1sok kihaszn\u00e1lts\u00e1g\u00e1t<\/strong> is figyelembe veszi. <br \/>A jelenlegi kiad\u00e1ssal ez a kihaszn\u00e1lts\u00e1g-k\u00f6zpont\u00fa megk\u00f6zel\u00edt\u00e9s mostant\u00f3l <strong>z\u00f6kken\u0151mentesen integr\u00e1l\u00f3dik a &#8222;Megrendel\u00e9sek \u00fctemez\u00e9se a SEQUIQ rendel\u00e9sh\u00e1tral\u00e9kkal&#8221; munkafolyamatba<\/strong>.   <\/p>\n\n\n\n<p><strong>Vegye figyelembe a kiegyens\u00falyoz\u00e1st a sorrendtervez\u00e9sben<\/strong><\/p>\n\n\n\n<p>A <strong>Dokumentum \/ \u00dctemez\u00e9s ind\u00edt\u00e1sa<\/strong> men\u00fcpont alatt a szok\u00e1sos m\u00f3don v\u00e1lassza ki az \u00fctemez\u00e9shez k\u00edv\u00e1nt id\u0151szakot.  <br \/><strong>\u00dajdons\u00e1gok<\/strong>: Mostant\u00f3l <strong>k\u00f6zvetlen\u00fcl is bet\u00f6lthet kiegyenl\u00edt\u00e9st<\/strong> &#8211; ak\u00e1r <strong>TKQ f\u00e1jlk\u00e9nt<\/strong>, ak\u00e1r k\u00f6zvetlen\u00fcl egy <strong>tervez\u00e9si \u00e1llapotb\u00f3l vagy projektb\u0151l<\/strong>. A SEQUIQ szok\u00e1s szerint megjegyzi a legut\u00f3bb kiv\u00e1lasztott konfigur\u00e1ci\u00f3t, \u00edgy a tervez\u00e9s k\u00f6vetkez\u0151 futtat\u00e1sakor m\u00e9g gyorsabban indulhat.   <\/p>\n\n\n\n<p>Ha terhel\u00e9seloszt\u00e1s is terhel\u00e9sre ker\u00fcl, akkor az <strong>Optimaliz\u00e1l\u00e1s \/ Automatikus sorrendbe\u00e1ll\u00edt\u00e1s<\/strong> alatt a <strong>&#8222;Sima terhel\u00e9s&#8221;<\/strong> opci\u00f3 is el\u00e9rhet\u0151. <br \/>Az optimaliz\u00e1l\u00f3 futtat\u00e1s sor\u00e1n a SEQUIQ ekkor biztos\u00edtja <strong>a terhel\u00e9s egyenletes eloszl\u00e1s\u00e1t<\/strong> a v\u00e1ltozatok sz\u00e9les sk\u00e1l\u00e1j\u00e1n. <br \/>A <strong>sodr\u00f3d\u00e1selemz\u00e9s<\/strong><strong>(Analyse \/ Drift analysis)<\/strong> is el\u00e9rhet\u0151. Ez munka\u00e1llom\u00e1sonk\u00e9nt vil\u00e1gos \u00e1ttekint\u00e9st ad a drift viselked\u00e9s\u00e9r\u0151l, \u00e9s lehet\u0151v\u00e9 teszi a potenci\u00e1lis probl\u00e9m\u00e1k &#8211; p\u00e9ld\u00e1ul a <strong>drifthat\u00e1r \u00e1tl\u00e9p\u00e9se<\/strong> &#8211; korai felismer\u00e9s\u00e9t.   <\/p>\n\n\n\n<p><strong>Kik sz\u00e1m\u00e1ra \u00e9rhet\u0151 el?<\/strong> <\/p>\n\n\n\n<p>A le\u00edrt fejleszt\u00e9sek mostant\u00f3l minden olyan felhaszn\u00e1l\u00f3 sz\u00e1m\u00e1ra el\u00e9rhet\u0151k, aki <strong>az \u00dctemez\u00e9s<\/strong> \u00e9s a <strong>Munkaid\u0151-egyenget\u00e9s<\/strong> modulokat haszn\u00e1lja.  <\/p>\n\n\n\n<p><strong>Szeretn\u00e9 kipr\u00f3b\u00e1lni az \u00faj lehet\u0151s\u00e9geket vagy t\u00f6bbet megtudni?<\/strong> <br \/><strong>Forduljon hozz\u00e1nk b\u00e1tran<\/strong> &#8211; mint mindig, most is b\u00e1rmikor t\u00e1mogatjuk \u00d6nt!  <\/p>\n<\/div>\n<\/div>\n<\/div>\n\n\n\n<div class=\"wp-block-group alignwide has-white-background-color has-background has-global-padding is-layout-constrained wp-container-core-group-is-layout-ae744a23 wp-block-group-is-layout-constrained\" style=\"border-radius:1.5rem;padding-top:var(--wp--preset--spacing--70);padding-right:var(--wp--preset--spacing--70);padding-bottom:var(--wp--preset--spacing--70);padding-left:var(--wp--preset--spacing--70)\">\n<div class=\"wp-block-columns alignwide is-layout-flex wp-container-core-columns-is-layout-28f84493 wp-block-columns-is-layout-flex\">\n<div class=\"wp-block-column is-style-rounded is-layout-flow wp-block-column-is-layout-flow\" style=\"flex-basis:33.3%\">\n<figure class=\"wp-block-image aligncenter size-large is-style-rounded is-style-rounded--3\"><img loading=\"lazy\" decoding=\"async\" width=\"1800\" height=\"1013\" src=\"https:\/\/www.sequiq.de\/wp-content\/uploads\/sites\/2\/Weitere-Verbesserungen-1800x1013.gif\" alt=\"\" class=\"wp-image-1383\" srcset=\"https:\/\/www.sequiq.de\/wp-content\/uploads\/sites\/2\/Weitere-Verbesserungen-1800x1013.gif 1800w, https:\/\/www.sequiq.de\/wp-content\/uploads\/sites\/2\/Weitere-Verbesserungen-900x506.gif 900w, https:\/\/www.sequiq.de\/wp-content\/uploads\/sites\/2\/Weitere-Verbesserungen-768x432.gif 768w, https:\/\/www.sequiq.de\/wp-content\/uploads\/sites\/2\/Weitere-Verbesserungen-1536x864.gif 1536w\" sizes=\"auto, (max-width: 1800px) 100vw, 1800px\" \/><\/figure>\n<\/div>\n\n\n\n<div class=\"wp-block-column is-layout-flow wp-block-column-is-layout-flow\" style=\"flex-basis:66.66%\">\n<div class=\"wp-block-group has-global-padding is-layout-constrained wp-container-core-group-is-layout-c3d0faaf wp-block-group-is-layout-constrained\" style=\"padding-top:0;padding-right:0;padding-bottom:0;padding-left:0\">\n<h3 class=\"wp-block-heading has-orange-color has-text-color has-link-color has-h-5-font-size wp-elements-36a21e5aa1ddd51fe358da06ca8b8165\" style=\"font-style:normal;font-weight:300\"><\/h3>\n\n\n\n<p class=\"has-h-3-font-size\">Tov\u00e1bbi fejleszt\u00e9sek<\/p>\n<\/div>\n\n\n\n<ul class=\"wp-block-list\">\n<li><strong>K\u00f6zponti szab\u00e1lykezel\u00e9s az admin modulban:<\/strong> Mostant\u00f3l a tervez\u00e9si ter\u00fclet szab\u00e1lyk\u00e9szletei \u00e9s a hozz\u00e1juk tartoz\u00f3 sorrendi szab\u00e1lyok <strong>k\u00f6zpontilag, az admin modulban hozhat\u00f3k l\u00e9tre, szerkeszthet\u0151k \u00e9s t\u00f6r\u00f6lhet\u0151k<\/strong>. Az is b\u00e1rmikor l\u00e1that\u00f3, <strong>hogy melyik felhaszn\u00e1l\u00f3 mikor \u00e9s milyen id\u0151pontban v\u00e1ltoztatott meg utolj\u00e1ra egy szab\u00e1lyk\u00e9szletet<\/strong>. Mostant\u00f3l minden m\u00f3dos\u00edt\u00e1s k\u00f6zvetlen\u00fcl elv\u00e9gezhet\u0151, an\u00e9lk\u00fcl, hogy el\u0151bb be kellene t\u00f6lteni a megrendel\u00e9seket.    <br \/>(Dokument\u00e1l\u00e1s \/ Sorrendi szab\u00e1lyok)<\/li>\n<\/ul>\n<\/div>\n<\/div>\n<\/div>\n<\/div>\n\n<div class=\"wp-block-group alignfull has-lightgrey-background-color has-background has-global-padding is-layout-constrained wp-block-group-is-layout-constrained\">\n<h2 class=\"wp-block-heading has-text-align-center\">Az \u00f6sszes <mark style=\"background-color:rgba(0, 0, 0, 0)\" class=\"has-inline-color has-orange-color\">SEQUIQ modul<\/mark> \u00e1ttekint\u00e9se<\/h2>\n\n\n\n<p class=\"has-text-align-center\">B\u0151v\u00edtse rugalmasan a SEQUIQ-ot moduljainkkal. Testre szabhatja a megold\u00e1st az \u00d6n termel\u00e9s\u00e9hez, \u00e9s maximaliz\u00e1lhatja az el\u0151ny\u00f6ket az \u00d6n egyedi ig\u00e9nyeihez. <\/p>\n\n\n\n<div  class=\"wp-block-teasergroup alignwide \">\t\n\t<div class=\"row g-3 row-cols-1 row-cols-sm-2 row-cols-lg-3 justify-content-center\">\n\t\n\t\t\n\t\t\t\t\t\t<div class=\"col\">\n\t\t\t\t\n\n\t\t\t\t\n\t\t\t\t\t<div class=\"card card-teaser rounded h-100\">\n\t\t\t\t\t\t<div class=\"card-body p-3 p-lg-4\">\n\t\t\t\t\t\t\t<div class=\"card-icon-wrapper\"><img loading=\"lazy\" decoding=\"async\" src=\"https:\/\/www.sequiq.de\/wp-content\/uploads\/sites\/2\/icon-module-utilization-levelling.svg\" alt=\"Kihaszn\u00e1lts\u00e1gi sim\u00edt\u00e1s\" class=\"card-icon\" width=\"30\" height=\"30\"><\/div>\n\t\t\t\t\t\t\t<a href=\"https:\/\/www.sequiq.de\/hu\/kihasznaltsagi-simitas\/\" class=\"card-title d-block stretched-link text-decoration-none my-2 fw-semibold fs-5\">Kihaszn\u00e1lts\u00e1gi sim\u00edt\u00e1s<\/a>\n\t\t\t\t\t\t\t<p class=\"card-text hyphens m-0 p-0\">\n\t\t\t\t\t\t\t\tVegye figyelembe az egyes munka\u00e1llom\u00e1sok terhel\u00e9s\u00e9t a szekven\u00e1l\u00e1s sor\u00e1n, \u00e9s tegye lehet\u0151v\u00e9 a stabilabb termel\u00e9st.\t\t\t\t\t\t\t\t<a href=\"https:\/\/www.sequiq.de\/hu\/kihasznaltsagi-simitas\/\" class=\"text-link\">Tudjon meg t\u00f6bbet<\/a>\n\t\t\t\t\t\t\t<\/p>\n\n\t\t\t\t\t\t<\/div>\n\t\t\t\t\t<\/div>\n\t\t\t\t\n\t\t\t<\/div>\n\t\t\t\n\t\t\t\n\t\t\t\t\t\t<div class=\"col\">\n\t\t\t\t\n\n\t\t\t\t\n\t\t\t\t\t<div class=\"card card-teaser rounded h-100\">\n\t\t\t\t\t\t<div class=\"card-body p-3 p-lg-4\">\n\t\t\t\t\t\t\t<div class=\"card-icon-wrapper\"><img loading=\"lazy\" decoding=\"async\" src=\"https:\/\/www.sequiq.de\/wp-content\/uploads\/sites\/2\/icon-module-scheduling.svg\" alt=\"\u00dctemez\u00e9s\" class=\"card-icon\" width=\"30\" height=\"30\"><\/div>\n\t\t\t\t\t\t\t<a href=\"https:\/\/www.sequiq.de\/hu\/uetemezes\/\" class=\"card-title d-block stretched-link text-decoration-none my-2 fw-semibold fs-5\">\u00dctemez\u00e9s<\/a>\n\t\t\t\t\t\t\t<p class=\"card-text hyphens m-0 p-0\">\n\t\t\t\t\t\t\t\tEllen\u0151rizze a hat\u00e1rid\u0151ket sz\u00e9lesk\u00f6r\u0171 szab\u00e1lyt\u00edpusok \u00e9s munkanapt\u00e1rak seg\u00edts\u00e9g\u00e9vel, \u00e9s tartsa be \u0151ket k\u00f6nnyed\u00e9n.\t\t\t\t\t\t\t\t<a href=\"https:\/\/www.sequiq.de\/hu\/uetemezes\/\" class=\"text-link\">Tudjon meg t\u00f6bbet<\/a>\n\t\t\t\t\t\t\t<\/p>\n\n\t\t\t\t\t\t<\/div>\n\t\t\t\t\t<\/div>\n\t\t\t\t\n\t\t\t<\/div>\n\t\t\t\n\t\t\t\n\t\t\t\t\t\t<div class=\"col\">\n\t\t\t\t\n\n\t\t\t\t\n\t\t\t\t\t<div class=\"card card-teaser rounded h-100\">\n\t\t\t\t\t\t<div class=\"card-body p-3 p-lg-4\">\n\t\t\t\t\t\t\t<div class=\"card-icon-wrapper\"><img loading=\"lazy\" decoding=\"async\" src=\"https:\/\/www.sequiq.de\/wp-content\/uploads\/sites\/2\/icon-module-program-planning.svg\" alt=\"Programtervez\u00e9s\" class=\"card-icon\" width=\"30\" height=\"30\"><\/div>\n\t\t\t\t\t\t\t<a href=\"https:\/\/www.sequiq.de\/hu\/programtervezes\/\" class=\"card-title d-block stretched-link text-decoration-none my-2 fw-semibold fs-5\">Programtervez\u00e9s<\/a>\n\t\t\t\t\t\t\t<p class=\"card-text hyphens m-0 p-0\">\n\t\t\t\t\t\t\t\tA megrendel\u00e9si program megval\u00f3s\u00edthat\u00f3s\u00e1g\u00e1nak \u00e9s sz\u0171k keresztmetszeteinek korai szakaszban t\u00f6rt\u00e9n\u0151 azonos\u00edt\u00e1sa \u00e9s hat\u00e9kony el\u0151re tervez\u00e9s.\t\t\t\t\t\t\t\t<a href=\"https:\/\/www.sequiq.de\/hu\/programtervezes\/\" class=\"text-link\">Tudjon meg t\u00f6bbet<\/a>\n\t\t\t\t\t\t\t<\/p>\n\n\t\t\t\t\t\t<\/div>\n\t\t\t\t\t<\/div>\n\t\t\t\t\n\t\t\t<\/div>\n\t\t\t\n\t\t\t\n\t\t\t\t\t\t<div class=\"col\">\n\t\t\t\t\n\n\t\t\t\t\n\t\t\t\t\t<div class=\"card card-teaser rounded h-100\">\n\t\t\t\t\t\t<div class=\"card-body p-3 p-lg-4\">\n\t\t\t\t\t\t\t<div class=\"card-icon-wrapper\"><img loading=\"lazy\" decoding=\"async\" src=\"https:\/\/www.sequiq.de\/wp-content\/uploads\/sites\/2\/icon-module-multi-line-planning.svg\" alt=\"T\u00f6bbvonalas tervez\u00e9s\" class=\"card-icon\" width=\"30\" height=\"30\"><\/div>\n\t\t\t\t\t\t\t<a href=\"https:\/\/www.sequiq.de\/hu\/multilinienplanung\/\" class=\"card-title d-block stretched-link text-decoration-none my-2 fw-semibold fs-5\">T\u00f6bbvonalas tervez\u00e9s<\/a>\n\t\t\t\t\t\t\t<p class=\"card-text hyphens m-0 p-0\">\n\t\t\t\t\t\t\t\tEgyszer\u0171en tervezzen egyedi vonalszerkezeteket .\t\t\t\t\t\t\t\t<a href=\"https:\/\/www.sequiq.de\/hu\/multilinienplanung\/\" class=\"text-link\">Tudjon meg t\u00f6bbet<\/a>\n\t\t\t\t\t\t\t<\/p>\n\n\t\t\t\t\t\t<\/div>\n\t\t\t\t\t<\/div>\n\t\t\t\t\n\t\t\t<\/div>\n\t\t\t\n\t\t\t\t\t\t\n\t\t\t\t<div class=\"col\">\n\t\t\t\t\t<div class=\"card card-teaser rounded h-100\">\n\t\t\t\t\t\t<div class=\"card-body p-3 p-lg-4\">\n\n\t\t\t\t\t\t\t<div class=\"card-icon-wrapper\"><\/div>\n\t\t\t\t\t\t\t\t\t\t\t\t\t\t<a href=\"https:\/\/www.taktiq.de\" class=\"card-title d-block stretched-link text-decoration-none my-2 fw-semibold fs-5\" target=\"_blank\">\n\t\t\t\t\t\t\t\t\t\t\t\t\t\t\t\t\t<img decoding=\"async\" src=\"https:\/\/www.sequiq.de\/wp-content\/uploads\/sites\/2\/2025\/07\/taktiq-logo.svg\" alt=\"TAKTIQ\" class=\"card-title-logo\">\n\t\t\t\t\t\t\t\t\t\t\t\t\t\t\t<\/a>\n\t\t\t\t\t\t\t\t\t\t\t\t\t\t<p class=\"card-text hyphens m-0 p-0\">De megold\u00e1st keres az \u00f3ra\u00e1t\u00e1ll\u00edt\u00e1sra? Akkor pr\u00f3b\u00e1lja ki a TAKTIQ-ot!  <a href=\"https:\/\/www.taktiq.de\" class=\"text-link\">Tudjon meg t\u00f6bbet<\/a><\/p>\n\n\t\t\t\t\t\t<\/div>\n\t\t\t\t\t<\/div>\n\t\t\t\t<\/div>\n\t\t\n\t\t\n\t<\/div>\n<\/div>\n\n<\/div>\n","protected":false},"excerpt":{"rendered":"<p>\u2190 K\u00f6zlem\u00e9nyek \u00daj \u00e9v, \u00faj dimenzi\u00f3 az \u00fctemez\u00e9sben:A febru\u00e1ri megjelen\u00e9ssel a SEQUIQ t\u00f6bbvonalas tervez\u00e9s ker\u00fcl a k\u00f6z\u00e9ppontba. Most el\u0151sz\u00f6r optimaliz\u00e1lhatja a rendel\u00e9ssorozatot \u00e9s a soreloszt\u00e1st egyetlen l\u00e9p\u00e9sben.Az automatikus sorozattervez\u00e9s \u00faj konfigur\u00e1ci\u00f3s lehet\u0151s\u00e9gei m\u00e9g nagyobb kontrollt biztos\u00edtanak az optimaliz\u00e1l\u00e1s felett. \u00c9rdemes tov\u00e1bb olvasni! A k\u00f6vetkez\u0151 kiemelt esem\u00e9nyekre sz\u00e1m\u00edthat: A hossz\u00fa t\u00e1v\u00fa t\u00e1mogat\u00e1ssal (LTS) rendelkez\u0151 \u00fcgyfelek az [&hellip;]<\/p>\n","protected":false},"featured_media":1472,"template":"","class_list":["post-1452","release","type-release","status-publish","has-post-thumbnail","hentry"],"acf":[],"_links":{"self":[{"href":"https:\/\/www.sequiq.de\/hu\/wp-json\/wp\/v2\/release\/1452","targetHints":{"allow":["GET"]}}],"collection":[{"href":"https:\/\/www.sequiq.de\/hu\/wp-json\/wp\/v2\/release"}],"about":[{"href":"https:\/\/www.sequiq.de\/hu\/wp-json\/wp\/v2\/types\/release"}],"wp:featuredmedia":[{"embeddable":true,"href":"https:\/\/www.sequiq.de\/hu\/wp-json\/wp\/v2\/media\/1472"}],"wp:attachment":[{"href":"https:\/\/www.sequiq.de\/hu\/wp-json\/wp\/v2\/media?parent=1452"}],"curies":[{"name":"wp","href":"https:\/\/api.w.org\/{rel}","templated":true}]}}