{"id":1554,"date":"2026-04-08T10:04:10","date_gmt":"2026-04-08T08:04:10","guid":{"rendered":"https:\/\/www.sequiq.de\/?post_type=release&#038;p=1554"},"modified":"2026-04-13T15:30:56","modified_gmt":"2026-04-13T13:30:56","slug":"release-2026-4","status":"publish","type":"release","link":"https:\/\/www.sequiq.de\/hu\/releases\/release-2026-4\/","title":{"rendered":"2026.4 kiad\u00e1s"},"content":{"rendered":"\n<div class=\"wp-block-group alignfull has-global-padding is-layout-constrained wp-block-group-is-layout-constrained\">\n<div class=\"wp-block-columns alignwide are-vertically-aligned-top is-layout-flex wp-container-core-columns-is-layout-28f84493 wp-block-columns-is-layout-flex\">\n<div class=\"wp-block-column is-vertically-aligned-top is-layout-flow wp-block-column-is-layout-flow\">\n<div class=\"wp-block-group alignwide has-global-padding is-layout-constrained wp-container-core-group-is-layout-c3d0faaf wp-block-group-is-layout-constrained\" style=\"padding-top:0;padding-right:0;padding-bottom:0;padding-left:0\">\n<p class=\"alignwide has-text-align-wide has-orange-color has-text-color has-link-color has-h-5-font-size wp-elements-f49e13a3a087ee1259d45081bbe5d4ba\">\u2190 <a href=\"https:\/\/www.sequiq.de\/hu\/kiadvanyok\/\">K\u00f6zlem\u00e9nyek<\/a><\/p>\n\n\n<h1 class=\"alignwide wp-block-post-title\">2026.4 kiad\u00e1s<\/h1><\/div>\n\n\n\n<p><strong>A tavasz friss leveg\u0151t hoz a SEQUIQ sz\u00e1m\u00e1ra is<\/strong>!<br\/>A <strong>2026.4-es kiad\u00e1ssal <\/strong>izgalmas \u00fajdons\u00e1gokra sz\u00e1m\u00edthat, mindenekel\u0151tt <strong>egy \u00faj elemz\u00e9si funkci\u00f3ra<\/strong>, amely <strong>m\u00e9g nagyobb \u00e1tl\u00e1that\u00f3s\u00e1got <\/strong>biztos\u00edt <strong>a megrendel\u00e9sek \u00fctemez\u00e9s\u00e9ben <\/strong>. Ezenk\u00edv\u00fcl mostant\u00f3l <strong>minden kiad\u00e1sn\u00e1l<\/strong> k\u00f6zvetlen\u00fcl a SEQUIQ ind\u00edt\u00e1sakor <strong>egy kompakt \u00e1ttekint\u00e9s<\/strong> fogadja \u00d6nt a legfontosabb \u00faj funkci\u00f3kr\u00f3l. Mindazok sz\u00e1m\u00e1ra, akik m\u00e9lyebben szeretn\u00e9nek elm\u00e9ly\u00fclni, az \u00faj p\u00e1rbesz\u00e9dben tal\u00e1lhat\u00f3 &#8222;Tov\u00e1bbi inform\u00e1ci\u00f3&#8221; gomb k\u00f6zvetlen\u00fcl a kiad\u00e1si blogunkhoz vezet, ahol minden r\u00e9szletet megtal\u00e1l.  <\/p>\n<\/div>\n\n\n\n<div class=\"wp-block-column is-vertically-aligned-top is-layout-flow wp-block-column-is-layout-flow\">\n<div class=\"wp-block-group has-lightgrey-background-color has-background has-global-padding is-layout-constrained wp-container-core-group-is-layout-7c7fb8f8 wp-block-group-is-layout-constrained\" style=\"padding-top:var(--wp--preset--spacing--50);padding-right:var(--wp--preset--spacing--50);padding-bottom:var(--wp--preset--spacing--50);padding-left:var(--wp--preset--spacing--50)\">\n<p><strong>A k\u00f6vetkez\u0151 kiemelt esem\u00e9nyekre sz\u00e1m\u00edthat:<\/strong><\/p>\n\n\n\n<ul class=\"wp-block-list\">\n<li>A tervez\u00e9si szakaszok \u00e1tl\u00e1that\u00f3 elemz\u00e9se a SEQUIQ programelemz\u00e9ssel<\/li>\n\n\n\n<li>A sorrendi szab\u00e1lyok rugalmasabb kezel\u00e9se<\/li>\n\n\n\n<li>A megrendel\u00e9sek h\u00f3napok szerinti csoportos\u00edt\u00e1sa<\/li>\n<\/ul>\n\n\n\n<p>A hossz\u00fa t\u00e1v\u00fa t\u00e1mogat\u00e1ssal (LTS) rendelkez\u0151 \u00fcgyfelek az \u00faj funkci\u00f3kat a k\u00f6vetkez\u0151, 2026 szeptember\u00e9ben megjelen\u0151 LTS kiad\u00e1ssal kapj\u00e1k meg.<\/p>\n<\/div>\n<\/div>\n<\/div>\n<\/div>\n\n<div class=\"wp-block-group alignfull has-lightgrey-background-color has-background has-global-padding is-layout-constrained wp-container-core-group-is-layout-c5bbea69 wp-block-group-is-layout-constrained\">\n<div class=\"wp-block-group alignwide has-white-background-color has-background has-global-padding is-layout-constrained wp-container-core-group-is-layout-ae744a23 wp-block-group-is-layout-constrained\" style=\"border-radius:1.5rem;padding-top:var(--wp--preset--spacing--70);padding-right:var(--wp--preset--spacing--70);padding-bottom:var(--wp--preset--spacing--70);padding-left:var(--wp--preset--spacing--70)\">\n<div class=\"wp-block-columns alignwide is-layout-flex wp-container-core-columns-is-layout-28f84493 wp-block-columns-is-layout-flex\">\n<div class=\"wp-block-column is-layout-flow wp-block-column-is-layout-flow\" style=\"flex-basis:33.3%\">\n<figure class=\"wp-block-embed is-type-video is-provider-youtube wp-block-embed-youtube wp-embed-aspect-16-9 wp-has-aspect-ratio\"><div class=\"wp-block-embed__wrapper\">\n <div class=\"brlbs-cmpnt-container brlbs-cmpnt-content-blocker\" data-borlabs-cookie-content-blocker-id=\"youtube-content-blocker\" data-borlabs-cookie-content=\"PGlmcmFtZSB0aXRsZT0iUHJvZ3JhbSBBbmFseXNpczogVHJhbnNwYXJlbnQgQW5hbHlzaXMgb2YgUGxhbm5pbmcgU3RhZ2VzIC0gU0VRVUlRIE9yZGVyIFNlcXVlbmNpbmciIHdpZHRoPSI1MDAiIGhlaWdodD0iMjgxIiBzcmM9Imh0dHBzOi8vd3d3LnlvdXR1YmUtbm9jb29raWUuY29tL2VtYmVkL2E2VlBKT1RiMTZvP2ZlYXR1cmU9b2VtYmVkIiBmcmFtZWJvcmRlcj0iMCIgYWxsb3c9ImFjY2VsZXJvbWV0ZXI7IGF1dG9wbGF5OyBjbGlwYm9hcmQtd3JpdGU7IGVuY3J5cHRlZC1tZWRpYTsgZ3lyb3Njb3BlOyBwaWN0dXJlLWluLXBpY3R1cmU7IHdlYi1zaGFyZSIgcmVmZXJyZXJwb2xpY3k9InN0cmljdC1vcmlnaW4td2hlbi1jcm9zcy1vcmlnaW4iIGFsbG93ZnVsbHNjcmVlbj48L2lmcmFtZT4=\"><div class=\"brlbs-cmpnt-cb-preset-c brlbs-cmpnt-cb-youtube\"> <div class=\"brlbs-cmpnt-cb-thumbnail\" style=\"background-image: url('https:\/\/www.sequiq.de\/wp-content\/uploads\/borlabs-cookie\/2\/yt_a6VPJOTb16o_hqdefault.jpg')\"><\/div> <div class=\"brlbs-cmpnt-cb-main\"> <div class=\"brlbs-cmpnt-cb-play-button\"><\/div> <div class=\"brlbs-cmpnt-cb-content\"> <p class=\"brlbs-cmpnt-cb-description\">You are currently viewing a placeholder content from <strong>YouTube<\/strong>. To access the actual content, click the button below. Please note that doing so will share data with third-party providers.<\/p> <a class=\"brlbs-cmpnt-cb-provider-toggle\" href=\"#\" data-borlabs-cookie-show-provider-information role=\"button\">More Information<\/a> <\/div> <div class=\"brlbs-cmpnt-cb-buttons\"> <a class=\"brlbs-cmpnt-cb-btn\" href=\"#\" data-borlabs-cookie-unblock role=\"button\">Unblock content<\/a> <a class=\"brlbs-cmpnt-cb-btn\" href=\"#\" data-borlabs-cookie-accept-service role=\"button\" style=\"display: inherit\">Accept required service and unblock content<\/a> <\/div> <\/div> <\/div><\/div>\n<\/div><\/figure>\n<\/div>\n\n\n\n<div class=\"wp-block-column is-layout-flow wp-block-column-is-layout-flow\" style=\"flex-basis:66.66%\">\n<div class=\"wp-block-group has-global-padding is-layout-constrained wp-container-core-group-is-layout-c3d0faaf wp-block-group-is-layout-constrained\" style=\"padding-top:0;padding-right:0;padding-bottom:0;padding-left:0\">\n<h3 class=\"wp-block-heading has-orange-color has-text-color has-link-color has-h-5-font-size wp-elements-36a21e5aa1ddd51fe358da06ca8b8165\" style=\"font-style:normal;font-weight:300\">Elemz\u00e9s \/ sorrendis\u00e9g<\/h3>\n\n\n\n<p class=\"has-h-3-font-size\">A tervez\u00e9si szakaszok \u00e1tl\u00e1that\u00f3 elemz\u00e9se a SEQUIQ programelemz\u00e9ssel<\/p>\n<\/div>\n\n\n\n<p>A <strong>SEQUIQ programelemz\u00e9ssel <\/strong> <strong>b\u00e1rmikor szemmel tarthatja a tervez\u00e9st<\/strong> &#8211; ak\u00e1r a gy\u00e1rt\u00e1s megkezd\u00e9se el\u0151tt n\u00e9h\u00e1ny nappal t\u00f6rt\u00e9n\u0151 <strong>azonnali \u00fctemez\u00e9shez<\/strong>, ak\u00e1r a<strong> heteken \u00e9s h\u00f3napokon \u00e1t tart\u00f3 el\u0151zetes tervez\u00e9shez<\/strong>.<br\/>A programelemz\u00e9s t\u00f6bbek k\u00f6z\u00f6tt a k\u00f6vetkez\u0151ket t\u00e1mogatja:<\/p>\n\n\n\n<ul class=\"wp-block-list\">\n<li>a megrendel\u00e9sek mennyis\u00e9gi \u00e9rt\u00e9kel\u00e9se a jellemz\u0151k vagy a megrendel\u00e9s t\u00edpusai szerint<\/li>\n\n\n\n<li>A hat\u00e1rid\u0151k \u00e9s a szab\u00e1lyoknak val\u00f3 megfelel\u00e9s gyors \u00e9rt\u00e9kel\u00e9se az aktu\u00e1lis rendel\u00e9si sorrenden bel\u00fcl<\/li>\n<\/ul>\n\n\n\n<p>A jelenlegi kiad\u00e1s a programelemz\u00e9s egy \u00fajabb kulcsfontoss\u00e1g\u00fa szempontot ad hozz\u00e1: a <strong>megrendel\u00e9sek tervez\u00e9si szakasz\u00e1nak elemz\u00e9s\u00e9t<\/strong>.<br\/>A tervez\u00e9si szakaszok k\u00fcl\u00f6nb\u00f6z\u0151 t\u00edpus\u00fa megrendel\u00e9si id\u0151pontokat \u00edrnak le. Tipikus p\u00e9lda: <strong><em>c\u00e9ld\u00e1tumok<\/em><\/strong> (pl. az \u00e9rt\u00e9kes\u00edt\u00e9s \u00e1ltal meghat\u00e1rozott c\u00e9ld\u00e1tumok), <strong><em>tervezett d\u00e1tumok<\/em><\/strong> (pl. az \u00fctemez\u00e9sb\u0151l vagy el\u0151zetes tervez\u00e9sb\u0151l sz\u00e1m\u00edtott d\u00e1tumok) \u00e9s <strong><em>t\u00e9nyleges d\u00e1tumok<\/em> <\/strong>(pl. a t\u00e9nyleges gy\u00e1rt\u00e1s befut\u00e1sa). <\/p>\n\n\n\n<p><strong>K\u00e9t \u00e9rt\u00e9kel\u00e9si lehet\u0151s\u00e9g a tervez\u00e9si szakaszokra<\/strong>:<\/p>\n\n\n\n<ul class=\"wp-block-list\">\n<li><strong>Tervez\u00e9si szint (egy\u00e9ni):<\/strong> Elemezze, hogy id\u0151egys\u00e9genk\u00e9nt h\u00e1ny megrendel\u00e9snek van id\u0151pontja egy adott tervez\u00e9si szinten, f\u00fcggetlen\u00fcl att\u00f3l, hogy a magasabb tervez\u00e9si szinteket m\u00e1r el\u00e9rt\u00e9k-e.<br\/><em><strong>P\u00e9lda<\/strong>: Ellen\u0151rizze, hogy a c\u00e9ld\u00e1tumok mennyire teljes m\u00e9rt\u00e9kben tarthat\u00f3k fenn, m\u00e9g akkor is, ha a tervezett id\u0151pontokat m\u00e1r kisz\u00e1m\u00edtott\u00e1k.<\/em><\/li>\n\n\n\n<li><strong>Tervez\u00e9si szint (legmagasabb):<\/strong> A legmagasabb el\u00e9rt tervez\u00e9si szint elemz\u00e9se minden egyes megrendel\u00e9s eset\u00e9ben. \u00cdgy l\u00e1that\u00f3v\u00e1 v\u00e1lik, hogy id\u0151egys\u00e9genk\u00e9nt h\u00e1ny megrendel\u00e9s legmagasabb hat\u00e1rideje melyik tervez\u00e9si szakaszban van. Ez\u00e1ltal egy pillant\u00e1ssal l\u00e1that\u00f3v\u00e1 v\u00e1lik az \u00fctemez\u00e9s el\u0151rehalad\u00e1sa.  <br\/><em><strong>P\u00e9lda<\/strong>: Azonnal l\u00e1thatja, hogy meddig van t\u00e9nyleges vagy tervezett d\u00e1tum\u00fa megrendel\u00e9s, \u00e9s mikort\u00f3l csak a c\u00e9ld\u00e1tumok \u00e1llnak rendelkez\u00e9sre<\/em>.<\/li>\n<\/ul>\n\n\n\n<p><strong>Rugalmas megjelen\u00edt\u00e9s \u00e9s \u00f6sszes\u00edt\u00e9s<\/strong><br\/><br\/>Mindk\u00e9t \u00e9rt\u00e9kel\u00e9si lehet\u0151s\u00e9gn\u00e9l szabadon kiv\u00e1laszthatja az <strong>aggreg\u00e1ci\u00f3s<\/strong> szintet: <strong>m\u0171szak, nap, h\u00e9t<\/strong> vagy <strong>h\u00f3nap<\/strong>.<br\/>Ezenk\u00edv\u00fcl a tervez\u00e9si szintek <strong>k\u00fcl\u00f6n\u00e1ll\u00f3 s\u00e1vokk\u00e9nt vagy halmazk\u00e9nt<\/strong> is megjelen\u00edthet\u0151k. A k\u00fcl\u00f6n\u00e1ll\u00f3 s\u00e1vok alkalmasak a tervez\u00e9si szintek k\u00f6z\u00f6tti k\u00f6zvetlen \u00f6sszehasonl\u00edt\u00e1sra. A halmozott megjelen\u00edt\u00e9s az id\u0151egys\u00e9genk\u00e9nti \u00f6sszmennyis\u00e9get is megmutatja &#8211; ide\u00e1lis az eloszt\u00e1s \u00e9s a megrendel\u00e9sek teljes sz\u00e1m\u00e1nak (pl. naponta) egy pillant\u00e1ssal t\u00f6rt\u00e9n\u0151 r\u00f6gz\u00edt\u00e9s\u00e9hez.<br\/>A <strong>numerikus ki\u00e9rt\u00e9kel\u00e9s<\/strong> a szok\u00e1sos m\u00f3don a grafikon alatt t\u00e1bl\u00e1zatos form\u00e1ban tal\u00e1lhat\u00f3. <strong>Excel export<\/strong> is rendelkez\u00e9sre \u00e1ll.   <\/p>\n\n\n\n<p><strong>Ugr\u00e1s k\u00f6zvetlen\u00fcl a r\u00e9szletes elemz\u00e9shez<\/strong><\/p>\n\n\n\n<p>A programelemz\u00e9sb\u0151l mostant\u00f3l <strong>k\u00f6zvetlen\u00fcl a k\u00edv\u00e1nt m\u0171szakra, napra vagy h\u00e9tre ugorhat<\/strong>.  <em>P\u00e9lda: Az \u00e1ttekint\u00e9sben \u00e9szreveszi, hogy egy napon szokatlanul sok megrendel\u00e9s van egy bizonyos t\u00edpusb\u00f3l. Kattintson a gombra, hogy k\u00f6zvetlen\u00fcl az adott nap f\u0151 n\u00e9zet\u00e9re v\u00e1ltson, \u00e9s ott v\u00e9gezze el a r\u00e9szletes elemz\u00e9st. <\/em><\/p>\n\n\n\n<p><strong>Kik sz\u00e1m\u00e1ra \u00e9rhet\u0151 el?<\/strong><br\/><br\/>A programelemz\u00e9s a programtervez\u00e9s modul minden felhaszn\u00e1l\u00f3ja sz\u00e1m\u00e1ra el\u00e9rhet\u0151.<\/p>\n\n\n\n<p>Szeretne megismerkedni az \u00faj lehet\u0151s\u00e9gekkel, vagy szeretn\u00e9 ellen\u0151rizni, hogy a modul megfelel-e az \u00d6n ig\u00e9nyeinek? Vegye fel vel\u00fcnk a kapcsolatot &#8211; <strong>b\u00e1rmikor sz\u00edvesen adunk tan\u00e1csot!<\/strong> <\/p>\n\n\n\n<p><br\/><\/p>\n<\/div>\n<\/div>\n<\/div>\n\n\n\n<div class=\"wp-block-group alignwide has-white-background-color has-background has-global-padding is-layout-constrained wp-container-core-group-is-layout-ae744a23 wp-block-group-is-layout-constrained\" style=\"border-radius:1.5rem;padding-top:var(--wp--preset--spacing--70);padding-right:var(--wp--preset--spacing--70);padding-bottom:var(--wp--preset--spacing--70);padding-left:var(--wp--preset--spacing--70)\">\n<div class=\"wp-block-columns alignwide is-layout-flex wp-container-core-columns-is-layout-28f84493 wp-block-columns-is-layout-flex\">\n<div class=\"wp-block-column is-style-rounded is-layout-flow wp-block-column-is-layout-flow\" style=\"flex-basis:33.3%\">\n<figure class=\"wp-block-image aligncenter size-large is-style-rounded is-style-rounded--1\"><img loading=\"lazy\" decoding=\"async\" width=\"1800\" height=\"1013\" src=\"https:\/\/www.sequiq.de\/wp-content\/uploads\/sites\/2\/Weitere-Verbesserungen-1800x1013.gif\" alt=\"\" class=\"wp-image-1383\" srcset=\"https:\/\/www.sequiq.de\/wp-content\/uploads\/sites\/2\/Weitere-Verbesserungen-1800x1013.gif 1800w, https:\/\/www.sequiq.de\/wp-content\/uploads\/sites\/2\/Weitere-Verbesserungen-900x506.gif 900w, https:\/\/www.sequiq.de\/wp-content\/uploads\/sites\/2\/Weitere-Verbesserungen-768x432.gif 768w, https:\/\/www.sequiq.de\/wp-content\/uploads\/sites\/2\/Weitere-Verbesserungen-1536x864.gif 1536w\" sizes=\"auto, (max-width: 1800px) 100vw, 1800px\" \/><\/figure>\n<\/div>\n\n\n\n<div class=\"wp-block-column is-layout-flow wp-block-column-is-layout-flow\" style=\"flex-basis:66.66%\">\n<div class=\"wp-block-group has-global-padding is-layout-constrained wp-container-core-group-is-layout-c3d0faaf wp-block-group-is-layout-constrained\" style=\"padding-top:0;padding-right:0;padding-bottom:0;padding-left:0\">\n<h3 class=\"wp-block-heading has-orange-color has-text-color has-link-color has-h-5-font-size wp-elements-36a21e5aa1ddd51fe358da06ca8b8165\" style=\"font-style:normal;font-weight:300\"><\/h3>\n\n\n\n<p class=\"has-h-3-font-size\">Tov\u00e1bbi fejleszt\u00e9sek<\/p>\n<\/div>\n\n\n\n<ul class=\"wp-block-list\">\n<li><strong>A szekvencia szab\u00e1lyok rugalmasabb kezel\u00e9se<\/strong>: A m\u00e1r l\u00e9trehozott szekvencia-szab\u00e1lyok eset\u00e9ben mostant\u00f3l megv\u00e1ltoztathatja azt a szab\u00e1lyk\u00e9szletet is, amelyhez a szab\u00e1ly hozz\u00e1rendel\u00e9sre ker\u00fcl. Ez sokkal rugalmasabb\u00e1 \u00e9s k\u00e9nyelmesebb\u00e9 teszi a szab\u00e1lyk\u00e9szletekkel val\u00f3 munk\u00e1t. <br\/>(Dokument\u00e1l\u00e1s \/ Sorrendi szab\u00e1lyok)<\/li>\n\n\n\n<li><strong>A megrendel\u00e9sek h\u00f3nap szerinti csoportos\u00edt\u00e1sa: <\/strong>A megl\u00e9v\u0151 m\u0171szak, nap \u00e9s h\u00e9t aggreg\u00e1ci\u00f3s szintek mellett a megrendel\u00e9sek mostant\u00f3l h\u00f3napok szerint is csoportos\u00edthat\u00f3k. Az egy h\u00f3napra vonatkoz\u00f3 megrendel\u00e9sek egy k\u00f6z\u00f6s fejl\u00e9c alatt ker\u00fclnek \u00f6sszegz\u00e9sre, amely \u00f6sszecsukhat\u00f3 \u00e9s kibonthat\u00f3. Ez megk\u00f6nny\u00edti az \u00e1ttekint\u00e9st, k\u00fcl\u00f6n\u00f6sen a hossz\u00fa t\u00e1v\u00fa tervez\u00e9s \u00e9s a nagy rendel\u00e9smennyis\u00e9gek eset\u00e9ben. A havi szint a n\u00e9zeti be\u00e1ll\u00edt\u00e1sokban aktiv\u00e1lhat\u00f3.   <br\/>(Ind\u00edt\u00e1s \/ m\u0171k\u00f6dtet\u00e9s \u00e9s navig\u00e1l\u00e1s (szekven\u00e1l\u00e1s))<\/li>\n<\/ul>\n<\/div>\n<\/div>\n<\/div>\n<\/div>\n\n<div class=\"wp-block-group alignfull has-lightgrey-background-color has-background has-global-padding is-layout-constrained wp-block-group-is-layout-constrained\">\n<h2 class=\"wp-block-heading has-text-align-center\">Az \u00f6sszes <mark style=\"background-color:rgba(0, 0, 0, 0)\" class=\"has-inline-color has-orange-color\">SEQUIQ modul<\/mark> \u00e1ttekint\u00e9se<\/h2>\n\n\n\n<p class=\"has-text-align-center\">B\u0151v\u00edtse rugalmasan a SEQUIQ-ot moduljainkkal. Testre szabhatja a megold\u00e1st az \u00d6n termel\u00e9s\u00e9hez, \u00e9s maximaliz\u00e1lhatja az el\u0151ny\u00f6ket az \u00d6n egyedi ig\u00e9nyeihez. <\/p>\n\n\n\n<div  class=\"wp-block-teasergroup alignwide \">\t\n\t<div class=\"row g-3 row-cols-1 row-cols-sm-2 row-cols-lg-3 justify-content-center\">\n\t\n\t\t\n\t\t\t\t\t\t<div class=\"col\">\n\t\t\t\t\n\n\t\t\t\t\n\t\t\t\t\t<div class=\"card card-teaser rounded h-100\">\n\t\t\t\t\t\t<div class=\"card-body p-3 p-lg-4\">\n\t\t\t\t\t\t\t<div class=\"card-icon-wrapper\"><img loading=\"lazy\" decoding=\"async\" src=\"https:\/\/www.sequiq.de\/wp-content\/uploads\/sites\/2\/icon-module-utilization-levelling.svg\" alt=\"Kihaszn\u00e1lts\u00e1gi sim\u00edt\u00e1s\" class=\"card-icon\" width=\"30\" height=\"30\"><\/div>\n\t\t\t\t\t\t\t<a href=\"https:\/\/www.sequiq.de\/hu\/kihasznaltsagi-simitas\/\" class=\"card-title d-block stretched-link text-decoration-none my-2 fw-semibold fs-5\">Kihaszn\u00e1lts\u00e1gi sim\u00edt\u00e1s<\/a>\n\t\t\t\t\t\t\t<p class=\"card-text hyphens m-0 p-0\">\n\t\t\t\t\t\t\t\tVegye figyelembe az egyes munka\u00e1llom\u00e1sok terhel\u00e9s\u00e9t a szekven\u00e1l\u00e1s sor\u00e1n, \u00e9s tegye lehet\u0151v\u00e9 a stabilabb termel\u00e9st.\t\t\t\t\t\t\t\t<a href=\"https:\/\/www.sequiq.de\/hu\/kihasznaltsagi-simitas\/\" class=\"text-link\">Tudjon meg t\u00f6bbet<\/a>\n\t\t\t\t\t\t\t<\/p>\n\n\t\t\t\t\t\t<\/div>\n\t\t\t\t\t<\/div>\n\t\t\t\t\n\t\t\t<\/div>\n\t\t\t\n\t\t\t\n\t\t\t\t\t\t<div class=\"col\">\n\t\t\t\t\n\n\t\t\t\t\n\t\t\t\t\t<div class=\"card card-teaser rounded h-100\">\n\t\t\t\t\t\t<div class=\"card-body p-3 p-lg-4\">\n\t\t\t\t\t\t\t<div class=\"card-icon-wrapper\"><img loading=\"lazy\" decoding=\"async\" src=\"https:\/\/www.sequiq.de\/wp-content\/uploads\/sites\/2\/icon-module-scheduling.svg\" alt=\"\u00dctemez\u00e9s\" class=\"card-icon\" width=\"30\" height=\"30\"><\/div>\n\t\t\t\t\t\t\t<a href=\"https:\/\/www.sequiq.de\/hu\/uetemezes\/\" class=\"card-title d-block stretched-link text-decoration-none my-2 fw-semibold fs-5\">\u00dctemez\u00e9s<\/a>\n\t\t\t\t\t\t\t<p class=\"card-text hyphens m-0 p-0\">\n\t\t\t\t\t\t\t\tEllen\u0151rizze a hat\u00e1rid\u0151ket sz\u00e9lesk\u00f6r\u0171 szab\u00e1lyt\u00edpusok \u00e9s munkanapt\u00e1rak seg\u00edts\u00e9g\u00e9vel, \u00e9s tartsa be \u0151ket k\u00f6nnyed\u00e9n.\t\t\t\t\t\t\t\t<a href=\"https:\/\/www.sequiq.de\/hu\/uetemezes\/\" class=\"text-link\">Tudjon meg t\u00f6bbet<\/a>\n\t\t\t\t\t\t\t<\/p>\n\n\t\t\t\t\t\t<\/div>\n\t\t\t\t\t<\/div>\n\t\t\t\t\n\t\t\t<\/div>\n\t\t\t\n\t\t\t\n\t\t\t\t\t\t<div class=\"col\">\n\t\t\t\t\n\n\t\t\t\t\n\t\t\t\t\t<div class=\"card card-teaser rounded h-100\">\n\t\t\t\t\t\t<div class=\"card-body p-3 p-lg-4\">\n\t\t\t\t\t\t\t<div class=\"card-icon-wrapper\"><img loading=\"lazy\" decoding=\"async\" src=\"https:\/\/www.sequiq.de\/wp-content\/uploads\/sites\/2\/icon-module-program-planning.svg\" alt=\"Programtervez\u00e9s\" class=\"card-icon\" width=\"30\" height=\"30\"><\/div>\n\t\t\t\t\t\t\t<a href=\"https:\/\/www.sequiq.de\/hu\/programtervezes\/\" class=\"card-title d-block stretched-link text-decoration-none my-2 fw-semibold fs-5\">Programtervez\u00e9s<\/a>\n\t\t\t\t\t\t\t<p class=\"card-text hyphens m-0 p-0\">\n\t\t\t\t\t\t\t\tA megrendel\u00e9si program megval\u00f3s\u00edthat\u00f3s\u00e1g\u00e1nak \u00e9s sz\u0171k keresztmetszeteinek korai szakaszban t\u00f6rt\u00e9n\u0151 azonos\u00edt\u00e1sa \u00e9s hat\u00e9kony el\u0151re tervez\u00e9s.\t\t\t\t\t\t\t\t<a href=\"https:\/\/www.sequiq.de\/hu\/programtervezes\/\" class=\"text-link\">Tudjon meg t\u00f6bbet<\/a>\n\t\t\t\t\t\t\t<\/p>\n\n\t\t\t\t\t\t<\/div>\n\t\t\t\t\t<\/div>\n\t\t\t\t\n\t\t\t<\/div>\n\t\t\t\n\t\t\t\n\t\t\t\t\t\t<div class=\"col\">\n\t\t\t\t\n\n\t\t\t\t\n\t\t\t\t\t<div class=\"card card-teaser rounded h-100\">\n\t\t\t\t\t\t<div class=\"card-body p-3 p-lg-4\">\n\t\t\t\t\t\t\t<div class=\"card-icon-wrapper\"><img loading=\"lazy\" decoding=\"async\" src=\"https:\/\/www.sequiq.de\/wp-content\/uploads\/sites\/2\/icon-module-multi-line-planning.svg\" alt=\"T\u00f6bbvonalas tervez\u00e9s\" class=\"card-icon\" width=\"30\" height=\"30\"><\/div>\n\t\t\t\t\t\t\t<a href=\"https:\/\/www.sequiq.de\/hu\/multilinienplanung\/\" class=\"card-title d-block stretched-link text-decoration-none my-2 fw-semibold fs-5\">T\u00f6bbvonalas tervez\u00e9s<\/a>\n\t\t\t\t\t\t\t<p class=\"card-text hyphens m-0 p-0\">\n\t\t\t\t\t\t\t\tEgyszer\u0171en tervezzen egyedi vonalszerkezeteket .\t\t\t\t\t\t\t\t<a href=\"https:\/\/www.sequiq.de\/hu\/multilinienplanung\/\" class=\"text-link\">Tudjon meg t\u00f6bbet<\/a>\n\t\t\t\t\t\t\t<\/p>\n\n\t\t\t\t\t\t<\/div>\n\t\t\t\t\t<\/div>\n\t\t\t\t\n\t\t\t<\/div>\n\t\t\t\n\t\t\t\t\t\t\n\t\t\t\t<div class=\"col\">\n\t\t\t\t\t<div class=\"card card-teaser rounded h-100\">\n\t\t\t\t\t\t<div class=\"card-body p-3 p-lg-4\">\n\n\t\t\t\t\t\t\t<div class=\"card-icon-wrapper\"><\/div>\n\t\t\t\t\t\t\t\t\t\t\t\t\t\t<a href=\"https:\/\/www.taktiq.de\" class=\"card-title d-block stretched-link text-decoration-none my-2 fw-semibold fs-5\" target=\"_blank\">\n\t\t\t\t\t\t\t\t\t\t\t\t\t\t\t\t\t<img decoding=\"async\" src=\"https:\/\/www.sequiq.de\/wp-content\/uploads\/sites\/2\/2025\/07\/taktiq-logo.svg\" alt=\"TAKTIQ\" class=\"card-title-logo\">\n\t\t\t\t\t\t\t\t\t\t\t\t\t\t\t<\/a>\n\t\t\t\t\t\t\t\t\t\t\t\t\t\t<p class=\"card-text hyphens m-0 p-0\">De megold\u00e1st keres az \u00f3ra\u00e1t\u00e1ll\u00edt\u00e1sra? Akkor pr\u00f3b\u00e1lja ki a TAKTIQ-ot!  <a href=\"https:\/\/www.taktiq.de\" class=\"text-link\">Tudjon meg t\u00f6bbet<\/a><\/p>\n\n\t\t\t\t\t\t<\/div>\n\t\t\t\t\t<\/div>\n\t\t\t\t<\/div>\n\t\t\n\t\t\n\t<\/div>\n<\/div>\n\n<\/div>\n","protected":false},"excerpt":{"rendered":"<p>\u2190 K\u00f6zlem\u00e9nyek A tavasz friss leveg\u0151t hoz a SEQUIQ sz\u00e1m\u00e1ra is!A 2026.4-es kiad\u00e1ssal izgalmas \u00fajdons\u00e1gokra sz\u00e1m\u00edthat, mindenekel\u0151tt egy \u00faj elemz\u00e9si funkci\u00f3ra, amely m\u00e9g nagyobb \u00e1tl\u00e1that\u00f3s\u00e1got biztos\u00edt a megrendel\u00e9sek \u00fctemez\u00e9s\u00e9ben . Ezenk\u00edv\u00fcl mostant\u00f3l minden kiad\u00e1sn\u00e1l k\u00f6zvetlen\u00fcl a SEQUIQ ind\u00edt\u00e1sakor egy kompakt \u00e1ttekint\u00e9s fogadja \u00d6nt a legfontosabb \u00faj funkci\u00f3kr\u00f3l. Mindazok sz\u00e1m\u00e1ra, akik m\u00e9lyebben szeretn\u00e9nek elm\u00e9ly\u00fclni, az \u00faj [&hellip;]<\/p>\n","protected":false},"featured_media":1573,"template":"","class_list":["post-1554","release","type-release","status-publish","has-post-thumbnail","hentry"],"acf":[],"_links":{"self":[{"href":"https:\/\/www.sequiq.de\/hu\/wp-json\/wp\/v2\/release\/1554","targetHints":{"allow":["GET"]}}],"collection":[{"href":"https:\/\/www.sequiq.de\/hu\/wp-json\/wp\/v2\/release"}],"about":[{"href":"https:\/\/www.sequiq.de\/hu\/wp-json\/wp\/v2\/types\/release"}],"wp:featuredmedia":[{"embeddable":true,"href":"https:\/\/www.sequiq.de\/hu\/wp-json\/wp\/v2\/media\/1573"}],"wp:attachment":[{"href":"https:\/\/www.sequiq.de\/hu\/wp-json\/wp\/v2\/media?parent=1554"}],"curies":[{"name":"wp","href":"https:\/\/api.w.org\/{rel}","templated":true}]}}